{"id":14907,"date":"2023-10-31T14:51:31","date_gmt":"2023-10-31T17:51:31","guid":{"rendered":"https:\/\/siteoftalmodapau1.websiteseguro.com\/?page_id=14907"},"modified":"2025-12-12T13:31:19","modified_gmt":"2025-12-12T16:31:19","slug":"fellow","status":"publish","type":"page","link":"https:\/\/oftalmodapaulista.com.br\/profissional\/fellow\/","title":{"rendered":"Fellowship"},"content":{"rendered":"\n<p><strong>Matr\u00edculas:<\/strong><br>E1 22\/02 a 24\/02\/2026<br>E2 30\/03 a 01\/04\/2026<\/p>\n\n\n\n<p><em><strong>As informa\u00e7\u00f5es ser\u00e3o repassadas em janeiro\/fevereiro assim que a C\u00e2mara de Extens\u00e3o envi\u00e1-las<\/strong><\/em>.<\/p>\n\n\n\n<p class=\"has-text-align-center\"><strong>Resultado do Processo Seletivo&nbsp;<\/strong><\/p>\n\n\n\n<p class=\"has-text-align-center\"><strong><u>Aprovados e Suplentes<\/u><\/strong><\/p>\n\n\n\n<p><strong>&nbsp;&nbsp;<\/strong>A rela\u00e7\u00e3o de aprovados est\u00e1 em ordem alfab\u00e9tica e a de suplentes em ordem de classifica\u00e7\u00e3o, conforme regras da Unifesp.<\/p>\n\n\n\n<figure class=\"wp-block-table\"><table class=\"has-fixed-layout\"><tbody><tr><td colspan=\"2\"><strong>Biomicroscopia Ultrass\u00f4nica (UBM) e Ultrassonografia Avan\u00e7ado<\/strong><\/td><\/tr><tr><td>LUCAS HENRIQUE PEREIRA<\/td><td>APROVADO<\/td><\/tr><tr><td>MONIQUE KLING MANGEON MACHADO SILVA<\/td><td>APROVADO<\/td><\/tr><tr><td>RAFAEL TORRES DOS SANTOS<\/td><td>APROVADO<\/td><\/tr><tr><td><\/td><td><\/td><\/tr><tr><td><strong>Catarata Cong\u00eanita<\/strong><\/td><td><strong>&nbsp;<\/strong><\/td><\/tr><tr><td>GUSTAVO ANDRE HUTH<\/td><td>APROVADO<\/td><\/tr><tr><td>NAT\u00c1LIA PELLEGRINELLI<\/td><td>SUPLENTE<\/td><\/tr><tr><td>DANIEL TEN\u00d3RIO CAM\u00caLO SOARES<\/td><td>SUPLENTE<\/td><\/tr><tr><td>MARIANA XAVIER ARA\u00daJO DE OLIVEIRA<\/td><td>SUPLENTE<\/td><\/tr><tr><td><\/td><td><\/td><\/tr><tr><td><strong>Catarata + Refrativa<\/strong><\/td><td><strong>&nbsp;<\/strong><\/td><\/tr><tr><td>MATHEUS FERREIRA SANTOS DA CRUZ<\/td><td>APROVADO<\/td><\/tr><tr><td>JO\u00c3O VICTOR CORNACHINI<\/td><td>SUPLENTE<\/td><\/tr><tr><td>HUGO XAVIER ROCHA FILHO<\/td><td>SUPLENTE<\/td><\/tr><tr><td>REBECCA LOUISE EVANGELISTA DO CARMO<\/td><td>SUPLENTE<\/td><\/tr><tr><td>SYENNE PIMENTEL FAYAL<\/td><td>SUPLENTE<\/td><\/tr><tr><td><\/td><td><\/td><\/tr><tr><td><strong>DEOC Cir\u00fargico<\/strong><\/td><td><strong>&nbsp;<\/strong><\/td><\/tr><tr><td>JORDANA GASPARELO SANTI<\/td><td>APROVADO<\/td><\/tr><tr><td>MARIANA MIYAZAKI SOLANO VALE<\/td><td>APROVADO<\/td><\/tr><tr><td>CAROLINA JIMENEZ MIRANDA<\/td><td>SUPLENTE<\/td><\/tr><tr><td>RODRIGO CAPORRINO MOREIRA<\/td><td>SUPLENTE<\/td><\/tr><tr><td>HERBERT HORNIG<\/td><td>SUPLENTE<\/td><\/tr><tr><td>KARINA YOSHIMI ISHIKURA<\/td><td>SUPLENTE<\/td><\/tr><tr><td><\/td><td><\/td><\/tr><tr><td><strong>DEOC Cl\u00ednico<\/strong><\/td><td><strong>&nbsp;<\/strong><\/td><\/tr><tr><td>NILTON JOSE BENTO JUNIOR<\/td><td>APROVADO<\/td><\/tr><tr><td>RODRIGO RODRIGUES BUENO<\/td><td>APROVADO<\/td><\/tr><tr><td>T\u00c2NIA QUEIROZ DE ARA\u00daJO ABREU<\/td><td>APROVADO<\/td><\/tr><tr><td>&nbsp;<\/td><td>&nbsp;<\/td><\/tr><tr><td><strong>DEOC Avan\u00e7ado<\/strong><\/td><td><strong>&nbsp;<\/strong><\/td><\/tr><tr><td>BEATRIZ CAVALCANTE MOITA<\/td><td>APROVADO<\/td><\/tr><tr><td>CAROLINA MENDON\u00c7A CAMARGO<\/td><td>APROVADO<\/td><\/tr><tr><td>GIOVANA RODRIGUES BARREIRA<\/td><td>APROVADO<\/td><\/tr><tr><td>LIVIA DE MOURA ALVARES<\/td><td>APROVADO<\/td><\/tr><tr><td>LIVIA SANDIS BARBOSA<\/td><td>APROVADO<\/td><\/tr><tr><td>&nbsp;<\/td><td>&nbsp;<\/td><\/tr><tr><td><strong>Eletrofisiologia<\/strong><\/td><td><strong>&nbsp;<\/strong><\/td><\/tr><tr><td>LUIS HENRIQUE CARNEIRO DE PAULA<\/td><td>APROVADO<\/td><\/tr><tr><td>&nbsp;<\/td><td>&nbsp;<\/td><\/tr><tr><td><strong>Eletrofisiologia e Neuroftalmologia<\/strong><\/td><td><strong>&nbsp;<\/strong><\/td><\/tr><tr><td>STEFANO LA SALVIA<\/td><td>APROVADO<\/td><\/tr><tr><td>&nbsp;<\/td><td>&nbsp;<\/td><\/tr><tr><td><strong>Estrabismo Avan\u00e7ado<\/strong><\/td><td><strong>&nbsp;<\/strong><\/td><\/tr><tr><td>MARIA LETICIA LASCA SALES CAMPOS<\/td><td>APROVADO<\/td><\/tr><tr><td>&nbsp;<\/td><td>&nbsp;<\/td><\/tr><tr><td><strong>Glaucoma<\/strong><\/td><td><strong>&nbsp;<\/strong><\/td><\/tr><tr><td>CAROLINA RODRIGUES CUNHA GUIMAR\u00c3ES DRUMOND<\/td><td>APROVADO<\/td><\/tr><tr><td>ISABELA ROSA BRUZADIN<\/td><td>SUPLENTE<\/td><\/tr><tr><td>RODRIGO FICHBEIN MARCON<\/td><td>SUPLENTE<\/td><\/tr><tr><td>GABRIEL FERREIRA REZENDE<\/td><td>SUPLENTE<\/td><\/tr><tr><td>SILVIO QUITES PENA BRAGA<\/td><td>SUPLENTE<\/td><\/tr><tr><td>LUCAS TAVARES LOPES<\/td><td>SUPLENTE<\/td><\/tr><tr><td>HELOISA LIMA HELLER<\/td><td>SUPLENTE<\/td><\/tr><tr><td>HENRIQUE RABELO DE AZEREDO<\/td><td>SUPLENTE<\/td><\/tr><tr><td>ARTHUR BELITARDO GONZAGA DE MENEZES<\/td><td>SUPLENTE<\/td><\/tr><tr><td>&nbsp;<\/td><td>&nbsp;<\/td><\/tr><tr><td><strong>Glaucoma Avan\u00e7ado<\/strong><\/td><td><strong>&nbsp;<\/strong><\/td><\/tr><tr><td>IAGO DI\u00d3GENES AZEVEDO COSTA<\/td><td>APROVADO<\/td><\/tr><tr><td>MARIANA MELLO GON\u00c7ALVES RODRIGUES<\/td><td>APROVADO<\/td><\/tr><tr><td>PEDRO DE FARIA GUSMAO<\/td><td>APROVADO<\/td><\/tr><tr><td>UGOR TOMAZ FERNANDES<\/td><td>APROVADO<\/td><\/tr><tr><td>&nbsp;<\/td><td>&nbsp;<\/td><\/tr><tr><td><strong>Lente de Contato e Refra\u00e7\u00e3o<\/strong><\/td><td><strong>&nbsp;<\/strong><\/td><\/tr><tr><td>ROSANE DE OLIVEIRA CORREA<\/td><td>APROVADO<\/td><\/tr><tr><td>TATYANE CHINASSO<\/td><td>APROVADO<\/td><\/tr><tr><td><\/td><td><\/td><\/tr><tr><td><strong>Neuroftalmologia<\/strong><\/td><td><strong>&nbsp;<\/strong><\/td><\/tr><tr><td>NICOLI LOPES DE OLIVEIRA<\/td><td>APROVADO<\/td><\/tr><tr><td>MAX BENICIO DA FONSECA DE BRITO<\/td><td>SUPLENTE<\/td><\/tr><tr><td>HELOISA LIMA HELLER<\/td><td>SUPLENTE<\/td><\/tr><tr><td><\/td><td><\/td><\/tr><tr><td><strong>Oftalmopediatria<\/strong><\/td><td>&nbsp;<\/td><\/tr><tr><td>M\u00c1RCIA CHAVES FERREIRA<\/td><td>APROVADO<\/td><\/tr><tr><td>RENATA DE LARA CAMPOS COELHO<\/td><td>APROVADO<\/td><\/tr><tr><td>LEANDRO VASSULER BALDON<\/td><td>SUPLENTE<\/td><\/tr><tr><td>LARISSA DUTRA CERQUEIRA AMBR\u00d3SIO<\/td><td>SUPLENTE<\/td><\/tr><tr><td>MANOELLE RISNEI WATANABE<\/td><td>SUPLENTE<\/td><\/tr><tr><td><\/td><td><\/td><\/tr><tr><td><strong>Oncologia<\/strong><\/td><td><strong>&nbsp;<\/strong><\/td><\/tr><tr><td>LETICIA COLODETTI ZANANDR\u00c9A<\/td><td>APROVADO<\/td><\/tr><tr><td>BRUNNA ALINE MUNIZ SILVA<\/td><td>SUPLENTE<\/td><\/tr><tr><td>VICTOR FAGIAN PANSANI<\/td><td>SUPLENTE<\/td><\/tr><tr><td>BRUNO FRUJUELLI DE MELO<\/td><td>SUPLENTE<\/td><\/tr><tr><td>GISLAINE LAGE OLIVEIRA<\/td><td>SUPLENTE<\/td><\/tr><tr><td>&nbsp;<\/td><td>&nbsp;<\/td><\/tr><tr><td><strong>Oncologia Avan\u00e7ado<\/strong><\/td><td><strong>&nbsp;<\/strong><\/td><\/tr><tr><td>RAFAEL TORRES DOS SANTOS<\/td><td>APROVADO<\/td><\/tr><tr><td><\/td><td><\/td><\/tr><tr><td><strong>Pesquisa na \u00c1rea de Retina e V\u00edtreo<\/strong><\/td><td><strong>&nbsp;<\/strong><\/td><\/tr><tr><td>GANNABATHULA AKASH VISWANATH<\/td><td>APROVADO<\/td><\/tr><tr><td>LU\u00cdSA RODRIGUES FRASSON<\/td><td>APROVADO<\/td><\/tr><tr><td>ANA CLARA VIANA DE SOUSA<\/td><td>SUPLENTE<\/td><\/tr><tr><td><\/td><td><\/td><\/tr><tr><td><strong>Pl\u00e1stica + \u00d3rbita + Vias Lacrimais<\/strong><\/td><td><strong>&nbsp;<\/strong><\/td><\/tr><tr><td>AMANDA THUM WELTER<\/td><td>APROVADO<\/td><\/tr><tr><td>TULIO RUIZ ESCHIAPATI<\/td><td>APROVADO<\/td><\/tr><tr><td><\/td><td><\/td><\/tr><tr><td><strong>Reabilita\u00e7\u00e3o Visual<\/strong><\/td><td><strong>&nbsp;<\/strong><\/td><\/tr><tr><td>CAMILA TAMI KINOSHITA<\/td><td>APROVADO<\/td><\/tr><tr><td>KATH PALOMA DA LUZ AFONSO<\/td><td>APROVADO<\/td><\/tr><tr><td><\/td><td><\/td><\/tr><tr><td><strong>Retina e V\u00edtreo<\/strong><\/td><td><strong>&nbsp;<\/strong><\/td><\/tr><tr><td>JOS\u00c9 DE PAULA BARBOSA NETO<\/td><td>APROVADO<\/td><\/tr><tr><td>LEONARDO AJUZ DO PRADO OLIVEIRA<\/td><td>APROVADO<\/td><\/tr><tr><td>HENRIQUE LAGE FERREIRA FERRER<\/td><td>SUPLENTE<\/td><\/tr><tr><td>DANIEL TRAHTMAN DE BOER<\/td><td>SUPLENTE<\/td><\/tr><tr><td>GANNABATHULA AKASH VISWANATH<\/td><td>SUPLENTE<\/td><\/tr><tr><td><\/td><td><\/td><\/tr><tr><td><strong>Retina e V\u00edtreo Avan\u00e7ado<\/strong><\/td><td><strong>&nbsp;<\/strong><\/td><\/tr><tr><td>GABRIEL NUNES DE FIGUEIREDO CAVALCANTI<\/td><td>APROVADO<\/td><\/tr><tr><td>JO\u00c3O GABRIEL ALEXANDER<\/td><td>APROVADO<\/td><\/tr><tr><td>LUCA BONGIOVANNI DE MIRANDA GON\u00c7ALVES<\/td><td>APROVADO<\/td><\/tr><tr><td>PEDRO LEITE COSTA FRANCO<\/td><td>APROVADO<\/td><\/tr><tr><td><\/td><td><\/td><\/tr><tr><td><strong>Ultrassonografia<\/strong><\/td><td><strong>&nbsp;<\/strong><\/td><\/tr><tr><td>GABRIELA YEA HUEY YANG<\/td><td>APROVADO<\/td><\/tr><tr><td>RAFAELLA ATHERINO SCHMIDT ANDUJAR<\/td><td>APROVADO<\/td><\/tr><tr><td>&nbsp;<\/td><td>&nbsp;<\/td><\/tr><tr><td><strong>Uve\u00edtes<\/strong><\/td><td>&nbsp;<\/td><\/tr><tr><td>BRUNO FRUJUELLI DE MELO<\/td><td>APROVADO<\/td><\/tr><tr><td>CLARA ELISA CASTRO TAVARES<\/td><td>APROVADO<\/td><\/tr><tr><td>\u00c9RICLES ALVES DOS SANTOS<\/td><td>APROVADO<\/td><\/tr><tr><td>VIN\u00cdCIUS SOARES IGNACHITI<\/td><td>APROVADO<\/td><\/tr><tr><td>K\u00caNIA GRAZIELE PEREIRA<\/td><td>SUPLENTE<\/td><\/tr><\/tbody><\/table><\/figure>\n\n\n\n<p><\/p>\n\n\n\n<p><strong>Processo Seletivo 2026<\/strong><\/p>\n\n\n\n<p><\/p>\n\n\n\n<p><\/p>\n\n\n\n<p><\/p>\n\n\n\n<p><\/p>\n\n\n\n<p><\/p>\n\n\n\n<p><\/p>\n\n\n\n<hr class=\"wp-block-separator has-alpha-channel-opacity\"\/>\n\n\n\n<h2 class=\"wp-block-heading\"><strong>Cursos para 2026:<\/strong><\/h2>\n\n\n\n<p><strong>Biomicroscopia Ultrass\u00f4nica (UBM) e Ultrassonografia Ocular Avan\u00e7ado<\/strong><br>03 Vagas | 1 ano de dura\u00e7\u00e3o<br>Chefe do Setor: Norma Allemann<br><strong><u>Inscri\u00e7\u00e3o: <a href=\"https:\/\/sistemas.unifesp.br\/acad\/inscricao-lato-sensu\/index.php?page=INS&amp;tipo=E&amp;codc=2243&amp;anoc=2026\">clique aqui<\/a><\/u><\/strong><\/p>\n\n\n\n<p><strong>Catarata + Cirurgia Refrativa (\u00d3ptica Cir\u00fargica)<\/strong><br>01 vagas | 1 ano de dura\u00e7\u00e3o<br>Chefe do Setor: Paulo Schor<br><strong><u><a href=\"https:\/\/sistemas.unifesp.br\/acad\/inscricao-lato-sensu\/index.php?page=INS&amp;tipo=E&amp;codc=1940&amp;anoc=2026\">Inscri\u00e7\u00e3o: clique aqui<\/a><\/u><\/strong><\/p>\n\n\n\n<p><strong>Catarata Cong\u00eanita<\/strong><br>1 vaga | 02 anos dura\u00e7\u00e3o<br>Chefe do Setor: Rachel Oliveira Bernardes<br><strong><u><a href=\"https:\/\/sistemas.unifesp.br\/acad\/inscricao-lato-sensu\/index.php?page=INS&amp;tipo=E&amp;codc=1165&amp;anoc=2026\">Inscri\u00e7\u00e3o: clique aqui<\/a><\/u><\/strong><\/p>\n\n\n\n<p><strong>Doen\u00e7as Externas Oculares e C\u00f3rnea Cl\u00ednico<\/strong><br>05 vagas | 01 ano de dura\u00e7\u00e3o<br>Chefe do Setor: Fl\u00e1vio Hirai<br><strong><u><a href=\"https:\/\/sistemas.unifesp.br\/acad\/inscricao-lato-sensu\/index.php?page=INS&amp;tipo=E&amp;codc=2247&amp;anoc=2026\">Inscri\u00e7\u00e3o: clique aqui<\/a><\/u><\/strong><\/p>\n\n\n\n<p><strong>Doen\u00e7as Externas Oculares e C\u00f3rnea Cir\u00fargico B\u00e1sico<\/strong><br>02 vagas | 01 ano de dura\u00e7\u00e3o<br>Chefe do Setor: Fl\u00e1vio Hirai<br><strong><u><a href=\"https:\/\/sistemas.unifesp.br\/acad\/inscricao-lato-sensu\/index.php?page=INS&amp;tipo=E&amp;codc=1167&amp;anoc=2026\">Inscri\u00e7\u00e3o: clique aqui<\/a><\/u><\/strong><\/p>\n\n\n\n<p><strong>Doen\u00e7as Externas Oculares e C\u00f3rnea Avan\u00e7ado<\/strong><br>06 vagas | 01 ano de dura\u00e7\u00e3o<br>Chefe do Setor: Fl\u00e1vio Hirai<br><strong><u><a href=\"https:\/\/sistemas.unifesp.br\/acad\/inscricao-lato-sensu\/index.php?page=INS&amp;tipo=E&amp;codc=1171&amp;anoc=2026\">Inscri\u00e7\u00e3o: clique aqui<\/a><\/u><\/strong><\/p>\n\n\n\n<p><strong>Eletrofisiologia Visual Clinica<\/strong><br>01 vaga | 01 ano de dura\u00e7\u00e3o<br>Chefe do Setor: Adriana Berezovsky<br><strong><u><a href=\"https:\/\/sistemas.unifesp.br\/acad\/inscricao-lato-sensu\/index.php?page=INS&amp;tipo=E&amp;codc=1168&amp;anoc=2026\">Inscri\u00e7\u00e3o: clique aqui<\/a><\/u><\/strong><\/p>\n\n\n\n<p><strong>Eletrofisiologia Visual Clinica<\/strong> <strong>e Neuroftalmologia<\/strong><br>01 vaga | 01 ano de dura\u00e7\u00e3o<br>Chefe do Setor: Adriana Berezovsky\/Ana Laura de Araujo Moura<br><strong><u><a href=\"https:\/\/sistemas.unifesp.br\/acad\/inscricao-lato-sensu\/index.php?page=INS&amp;tipo=E&amp;codc=2428&amp;anoc=2026\">Inscri\u00e7\u00e3o: clique aqui<\/a><\/u><\/strong><\/p>\n\n\n\n<p><strong>Estrabismo Avan\u00e7ado<\/strong>*<br>01 vaga | 01 ano de dura\u00e7\u00e3o<br>Chefe do Setor: Alyne Borges Correa<br><strong><u><a href=\"https:\/\/sistemas.unifesp.br\/acad\/inscricao-lato-sensu\/index.php?page=INS&amp;tipo=E&amp;codc=2429&amp;anoc=2026\">Inscri\u00e7\u00e3o: clique aqui<\/a><\/u><\/strong><\/p>\n\n\n\n<p><strong>Glaucoma<\/strong><br>01 Vaga | 02 anos de dura\u00e7\u00e3o<br>02 anos de dura\u00e7\u00e3o<br>Chefe do Setor: Luiz Alberto S. Melo<br><strong><u><a href=\"https:\/\/sistemas.unifesp.br\/acad\/inscricao-lato-sensu\/index.php?page=INS&amp;tipo=E&amp;codc=1170&amp;anoc=2026\">Inscri\u00e7\u00e3o: clique aqui<\/a><\/u><\/strong><\/p>\n\n\n\n<p><strong>Glaucoma Avan\u00e7ado<\/strong><br>04 Vagas | 01 anos de dura\u00e7\u00e3o<br>Chefe do Setor: Luiz Alberto S. Melo<br><strong><u><a href=\"https:\/\/sistemas.unifesp.br\/acad\/inscricao-lato-sensu\/index.php?page=INS&amp;tipo=E&amp;codc=2351&amp;anoc=2026\">Inscri\u00e7\u00e3o: clique aqui<\/a><\/u><\/strong><\/p>\n\n\n\n<p><strong>Lente de Contato e Refra\u00e7\u00e3o<\/strong><br>03 Vagas | 01 ano de dura\u00e7\u00e3o<br>Chefe do Setor: Helena Oliveira<br><strong><u><a href=\"https:\/\/sistemas.unifesp.br\/acad\/inscricao-lato-sensu\/index.php?page=INS&amp;tipo=E&amp;codc=1172&amp;anoc=2026\">Inscri\u00e7\u00e3o: clique aqui<\/a><\/u><\/strong><\/p>\n\n\n\n<p><strong>Neuroftalmologia<\/strong><br>02 Vagas | 01 ano de dura\u00e7\u00e3o<br>Chefe do Setor: Ana Laura de Araujo Moura<br><strong><u><a href=\"https:\/\/sistemas.unifesp.br\/acad\/inscricao-lato-sensu\/index.php?page=INS&amp;tipo=E&amp;codc=1174&amp;anoc=2026\">Inscri\u00e7\u00e3o: clique aqui<\/a><\/u><\/strong><\/p>\n\n\n\n<p><strong>Oftalmopediatria e Estrabismo<\/strong><br>02 vagas | 01 ano de dura\u00e7\u00e3o<br>Chefes de Setor: Ana Paula Silv\u00e9rio Rodrigues\/Alyne Borges Correa<br><strong><u><a href=\"https:\/\/sistemas.unifesp.br\/acad\/inscricao-lato-sensu\/index.php?page=INS&amp;tipo=E&amp;codc=1185&amp;anoc=2026\">Inscri\u00e7\u00e3o: clique aqui<\/a><\/u><\/strong><\/p>\n\n\n\n<p><strong>Oncologia Ocular<\/strong><br>01 vaga | 01 ano dura\u00e7\u00e3o<br>Chefe do Setor: Luiz Fernando Teixeira<br><strong><u><a href=\"https:\/\/sistemas.unifesp.br\/acad\/inscricao-lato-sensu\/index.php?page=INS&amp;tipo=E&amp;codc=1175&amp;anoc=2026\">Inscri\u00e7\u00e3o: clique aqui<\/a><\/u><\/strong><\/p>\n\n\n\n<p><strong>Oncologia Ocular<\/strong> <strong>Avan\u00e7ado<\/strong>*<br>01 vaga | 01 ano dura\u00e7\u00e3o<br>Chefe do Setor: Luiz Fernando Teixeira<br><strong><u><a href=\"https:\/\/sistemas.unifesp.br\/acad\/inscricao-lato-sensu\/index.php?page=INS&amp;tipo=E&amp;codc=2430&amp;anoc=2026\">Inscri\u00e7\u00e3o: clique aqui<\/a><\/u><\/strong><\/p>\n\n\n\n<p><strong>Pl\u00e1stica Ocular+\u00d3rbita+Vias Lacrimais Avan\u00e7ado*<\/strong><br>02 vagas | 01 ano de dura\u00e7\u00e3o<br>Chefes de Setor: Lilian Ohkawara\/Paulo G\u00f3is Manso\/Eduardo Alonso<br><strong><u><a href=\"https:\/\/sistemas.unifesp.br\/acad\/inscricao-lato-sensu\/index.php?page=INS&amp;tipo=E&amp;codc=1892&amp;anoc=2026\">Inscri\u00e7\u00e3o: clique aqui<\/a><\/u><\/strong><\/p>\n\n\n\n<p><strong>Pesquisa Cl\u00ednica para Profissionais de Apoio \u00e0 Sa\u00fade<\/strong><br>02 vagas | 01 ano de dura\u00e7\u00e3o<br>Chefe do Setor: Cristina Muccioli<br><strong><u><a href=\"https:\/\/sistemas.unifesp.br\/acad\/inscricao-lato-sensu\/index.php?page=INS&amp;tipo=E&amp;codc=2244&amp;anoc=2026\">Inscri\u00e7\u00e3o: clique aqui<\/a><\/u><\/strong><\/p>\n\n\n\n<p><strong>Pesquisa na \u00c1rea de Retina e V\u00edtreo Cl\u00ednico<\/strong><br>04 vagas | 01 ano de dura\u00e7\u00e3o<br>Chefe do Setor: Caio Vin\u00edcius Saito Regatieri<br><strong><u><a href=\"https:\/\/sistemas.unifesp.br\/acad\/inscricao-lato-sensu\/index.php?page=INS&amp;tipo=E&amp;codc=2245&amp;anoc=2026\">Inscri\u00e7\u00e3o: clique aqui<\/a><\/u><\/strong><\/p>\n\n\n\n<p><strong>Pesquisa na \u00c1rea de \u00davea e AIDS<\/strong><br>02 vagas | 01 ano de dura\u00e7\u00e3o<br>Chefe do Setor: Luciana Finamor<br><strong><u><a href=\"https:\/\/sistemas.unifesp.br\/acad\/inscricao-lato-sensu\/index.php?page=INS&amp;tipo=E&amp;codc=2246&amp;anoc=2026\">Inscri\u00e7\u00e3o: clique aqui<\/a><\/u><\/strong><\/p>\n\n\n\n<p><strong>Reabilita\u00e7\u00e3o Visual e Vis\u00e3o Subnormal<\/strong><br>05 vagas | 01 ano de dura\u00e7\u00e3o<br>Chefe do Setor: C\u00e9lia Regina Nakanami<br><strong><u><a href=\"https:\/\/sistemas.unifesp.br\/acad\/inscricao-lato-sensu\/index.php?page=INS&amp;tipo=E&amp;codc=1178&amp;anoc=2026\">Inscri\u00e7\u00e3o: clique aqui<\/a><\/u><\/strong><\/p>\n\n\n\n<p><strong>Retina e V\u00edtreo \u2013 1\u00ba ano<\/strong><br>02 vagas | 01 ano de dura\u00e7\u00e3o<br>Chefe do Setor: Caio Vin\u00edcius Saito Regatieri<br><strong><u><a href=\"https:\/\/sistemas.unifesp.br\/acad\/inscricao-lato-sensu\/index.php?page=INS&amp;tipo=E&amp;codc=1179&amp;anoc=2026\">Inscri\u00e7\u00e3o: clique aqui<\/a><\/u><\/strong><\/p>\n\n\n\n<p><strong>Retina e V\u00edtreo Avan\u00e7ado \u2013 2\u00ba ano<\/strong><br>04 vagas | 01 ano de dura\u00e7\u00e3o<br>Chefe do Setor: Caio Vin\u00edcius Saito Regatieri<br><strong><u><a href=\"https:\/\/sistemas.unifesp.br\/acad\/inscricao-lato-sensu\/index.php?page=INS&amp;tipo=E&amp;codc=1700&amp;anoc=2026\">Inscri\u00e7\u00e3o: clique aqui<\/a><\/u><\/strong><\/p>\n\n\n\n<p><strong>Tecnologia Oft\u00e1lmica em Glaucoma<\/strong><br>02 vagas | 01 ano de dura\u00e7\u00e3o<br>Chefe do Setor: Luiz Alberto S. Melo<br><strong><u><a href=\"https:\/\/sistemas.unifesp.br\/acad\/inscricao-lato-sensu\/index.php?page=INS&amp;tipo=E&amp;codc=2012&amp;anoc=2026\">Inscri\u00e7\u00e3o: clique aqui<\/a><\/u><\/strong><\/p>\n\n\n\n<p><strong>Trauma e Urg\u00eancias<\/strong><br>01 vaga | 01 ano de dura\u00e7\u00e3o<br>Chefe do Setor: Luciana da Cruz N\u00f3ia<br><strong><u><a href=\"https:\/\/sistemas.unifesp.br\/acad\/inscricao-lato-sensu\/index.php?page=INS&amp;tipo=E&amp;codc=1181&amp;anoc=2026\">Inscri\u00e7\u00e3o: clique aqui<\/a><\/u><\/strong><\/p>\n\n\n\n<p><strong>Ultrassonografia Ocular &#8211; 1\u00ba Ano<\/strong><br>06 Vagas | 1 ano de dura\u00e7\u00e3o<br>Chefe do Setor: Norma Allemann<br><a href=\"https:\/\/sistemas.unifesp.br\/acad\/inscricao-lato-sensu\/index.php?page=INS&amp;tipo=E&amp;codc=1182&amp;anoc=2026\">Inscri\u00e7\u00e3o: clique aqui<\/a><\/p>\n\n\n\n<p><strong>\u00davea e AIDS<\/strong><br>04 vagas | 01 ano de dura\u00e7\u00e3o<br>Chefe do Setor: Luciana Finamor<br><strong><u>Inscri\u00e7\u00e3o: <a href=\"https:\/\/sistemas.unifesp.br\/acad\/inscricao-lato-sensu\/index.php?page=INS&amp;tipo=E&amp;codc=729&amp;anoc=2026\">clique aqui<\/a><\/u><\/strong><\/p>\n\n\n\n<p><\/p>\n\n\n\n<p><strong>Contato<\/strong><br>Secret\u00e1ria: Rosimeire Martins<br>E-mail:&nbsp;<a href=\"mailto:secretariaextens%C3%A3o@unifesp.br\">secretariaextensao@unifesp.br<\/a><br>Tel: (11) 3385-4343 Ramal 2260<\/p>\n\n\n\n<figure class=\"wp-block-image size-full is-resized is-style-rounded\"><img loading=\"lazy\" decoding=\"async\" width=\"150\" height=\"150\" src=\"https:\/\/oftalmodapaulista.com.br\/profissional\/wp-content\/uploads\/2023\/10\/sung-150x150-1.jpg\" alt=\"\" class=\"wp-image-14594\" style=\"aspect-ratio:1;width:152px;height:auto\" srcset=\"https:\/\/oftalmodapaulista.com.br\/profissional\/wp-content\/uploads\/2023\/10\/sung-150x150-1.jpg 150w, https:\/\/oftalmodapaulista.com.br\/profissional\/wp-content\/uploads\/2023\/10\/sung-150x150-1-65x65.jpg 65w\" sizes=\"auto, (max-width: 150px) 100vw, 150px\" \/><figcaption class=\"wp-element-caption\"><br>PROFA. DRA. SUNG WATANABE<br><em>Coordenadora da \u00c1rea de Extens\u00e3o<\/em><\/figcaption><\/figure>\n","protected":false},"excerpt":{"rendered":"<p>Matr\u00edculas:E1 22\/02 a 24\/02\/2026E2 30\/03 a 01\/04\/2026 As informa\u00e7\u00f5es ser\u00e3o repassadas em janeiro\/fevereiro assim que a C\u00e2mara de Extens\u00e3o envi\u00e1-las. Resultado do Processo Seletivo&nbsp; Aprovados e Suplentes &nbsp;&nbsp;A rela\u00e7\u00e3o de aprovados est\u00e1 em ordem alfab\u00e9tica e a de suplentes em ordem de classifica\u00e7\u00e3o, conforme regras da Unifesp. Biomicroscopia Ultrass\u00f4nica (UBM) e Ultrassonografia Avan\u00e7ado LUCAS HENRIQUE&#8230;<\/p>\n","protected":false},"author":1,"featured_media":0,"parent":0,"menu_order":0,"comment_status":"closed","ping_status":"closed","template":"","meta":{"_acf_changed":false,"footnotes":""},"class_list":["post-14907","page","type-page","status-publish","hentry"],"acf":[],"_links":{"self":[{"href":"https:\/\/oftalmodapaulista.com.br\/profissional\/wp-json\/wp\/v2\/pages\/14907","targetHints":{"allow":["GET"]}}],"collection":[{"href":"https:\/\/oftalmodapaulista.com.br\/profissional\/wp-json\/wp\/v2\/pages"}],"about":[{"href":"https:\/\/oftalmodapaulista.com.br\/profissional\/wp-json\/wp\/v2\/types\/page"}],"author":[{"embeddable":true,"href":"https:\/\/oftalmodapaulista.com.br\/profissional\/wp-json\/wp\/v2\/users\/1"}],"replies":[{"embeddable":true,"href":"https:\/\/oftalmodapaulista.com.br\/profissional\/wp-json\/wp\/v2\/comments?post=14907"}],"version-history":[{"count":42,"href":"https:\/\/oftalmodapaulista.com.br\/profissional\/wp-json\/wp\/v2\/pages\/14907\/revisions"}],"predecessor-version":[{"id":16316,"href":"https:\/\/oftalmodapaulista.com.br\/profissional\/wp-json\/wp\/v2\/pages\/14907\/revisions\/16316"}],"wp:attachment":[{"href":"https:\/\/oftalmodapaulista.com.br\/profissional\/wp-json\/wp\/v2\/media?parent=14907"}],"curies":[{"name":"wp","href":"https:\/\/api.w.org\/{rel}","templated":true}]}}