{"id":14286,"date":"2023-10-19T12:04:44","date_gmt":"2023-10-19T15:04:44","guid":{"rendered":"https:\/\/siteoftalmodapau1.websiteseguro.com\/?page_id=14286"},"modified":"2024-04-01T12:57:08","modified_gmt":"2024-04-01T15:57:08","slug":"5o-ano","status":"publish","type":"page","link":"https:\/\/oftalmodapaulista.com.br\/profissional\/medicina\/5o-ano\/","title":{"rendered":"5\u00ba Ano"},"content":{"rendered":"\n<p><strong>ALUNOS DE GRADUA\u00c7\u00c3O EM MEDICINA DO 5\u00ba ANO<\/strong><\/p>\n\n\n\n<p>Caro aluno,<\/p>\n\n\n\n<p>O curso do 5\u00ba ano M\u00e9dico \u00e9 oferecido durante o ano todo, para as sub-divis\u00f5es da turma.<\/p>\n\n\n\n<p>No Departamento de Oftalmologia ser\u00e3o revistos conceitos apresentados no 4 ano, e complementados com semin\u00e1rios apresentados pelos estudantes, que ser\u00e3o estimulados a procurar informa\u00e7\u00e3o e atualiza\u00e7\u00e3o nas fontes bibliogr\u00e1ficas dispon\u00edveis.<\/p>\n\n\n\n<p>Com acompanhamento dos tutores, ser\u00e3o examinados pacientes com problemas oculares pouco complexos, e os estudantes dever\u00e3o aprender manobras e t\u00e9cnicas b\u00e1sicas.<\/p>\n\n\n\n<p><strong>OBJETIVOS GERAIS DO INTERNATO<\/strong><\/p>\n\n\n\n<p>Capacitar o aluno para:<\/p>\n\n\n\n<ol class=\"wp-block-list\">\n<li>Mensurar a vis\u00e3o.<\/li>\n\n\n\n<li>Reconhecer as doen\u00e7as oculares mais frequentes.<\/li>\n\n\n\n<li>Identificar urg\u00eancias oftalmol\u00f3gicas e orientar conduta terap\u00eautica inicial.<\/li>\n\n\n\n<li>Realizar a oftalmoscopia direta.<\/li>\n\n\n\n<li>Conhecer os equipamentos oftalmol\u00f3gicos e se iniciar nas t\u00e9cnicas proped\u00eauticas e terap\u00eauticas oftalmol\u00f3gicas.<\/li>\n<\/ol>\n\n\n\n<p><strong>OBJETIVOS ESPEC\u00cdFICOS<\/strong><\/p>\n\n\n\n<ol class=\"wp-block-list\">\n<li>Medir a acuidade visual de diferentes m\u00e9todos.<\/li>\n\n\n\n<li>Reconhecer a localiza\u00e7\u00e3o anat\u00f4mica da les\u00e3o ocular.<\/li>\n\n\n\n<li>Aprender os sinais e sintomas oculares.<\/li>\n\n\n\n<li>Aprender o diagn\u00f3stico diferencial das doen\u00e7as oculares mais frequentes.<\/li>\n\n\n\n<li>Avaliar a motilidade ocular extr\u00ednseca.<\/li>\n\n\n\n<li>Avaliar os reflexos pupilares.<\/li>\n\n\n\n<li>Everter a p\u00e1lpebra superior e avaliar o olho traumatizado.<\/li>\n\n\n\n<li>Avaliar a tens\u00e3o \u00f3culo-digital.<\/li>\n\n\n\n<li>Retirar um corpo estranho da conjuntiva tarsal superior.<\/li>\n\n\n\n<li>Aprender a conduta em casos de traumas e acidentes, incluindo queimaduras qu\u00edmicas e f\u00edsicas.<\/li>\n\n\n\n<li>Diferenciar as conjuntivites bacterianas das al\u00e9rgicas e virais.<\/li>\n\n\n\n<li>Reconhecer os principais detalhes da estrutura retiniana com a oftalmoscopia direta.<\/li>\n\n\n\n<li>Princ\u00edpios gerais de sa\u00fade ocular e qualidade de vida.<\/li>\n\n\n\n<li>Princ\u00edpios de farmacoterapia ocular.<\/li>\n<\/ol>\n\n\n\n<h2 class=\"wp-block-heading\">Biblioteca e Links<\/h2>\n\n\n\n<p>Os alunos do curso de Gradua\u00e7\u00e3o em Medicina podem consultar os livros da Biblioteca do Centro de Estudos Moacyr E. \u00c1lvaro, conforme decis\u00e3o da reuni\u00e3o do Conselho de Departamento de 28\/set\/2005<\/p>\n\n\n\n<p>O acesso \u00e0 Biblioteca do CEO pode ser feito por meio do link:&nbsp;<a href=\"http:\/\/ceooftalmo.unifesp.br\/\">http:\/\/ceooftalmo.unifesp.br<\/a><\/p>\n\n\n\n<p>Outros sites com conte\u00fado sobre oftalmologia:<\/p>\n\n\n\n<ul class=\"wp-block-list\">\n<li><a href=\"http:\/\/www.eyepathologist.com\/Index.asp\">http:\/\/www.eyepathologist.com\/Index.asp<\/a><\/li>\n\n\n\n<li><a href=\"http:\/\/www.atlas-of-ophthalmology.com\/\">http:\/\/www.atlas-of-ophthalmology.com\/<\/a><\/li>\n\n\n\n<li><a href=\"http:\/\/www.eyeatlas.com\/\">http:\/\/www.eyeatlas.com\/<\/a><\/li>\n\n\n\n<li><a href=\"http:\/\/www.mrcophth.com\/retinaatlas\/contents.html#FFA\">http:\/\/www.mrcophth.com\/retinaatlas\/contents.html#FFA<\/a><\/li>\n<\/ul>\n\n\n\n<h2 class=\"wp-block-heading\">Orienta\u00e7\u00f5es Aos Professores e Tutores (p\u00f3s-graduandos) e Alunos<\/h2>\n\n\n\n<p><strong>AVALIA\u00c7\u00c3O DE APROVEITAMENTO DISCENTE<\/strong><\/p>\n\n\n\n<p>A cargo de cada docente do curso a apresenta\u00e7\u00e3o dos semin\u00e1rios poder\u00e1 ter uma nota complementar.<\/p>\n\n\n\n<p><strong>&nbsp;<\/strong><strong>FUNCIONAMENTO<\/strong><\/p>\n\n\n\n<p>N\u00famero de docentes respons\u00e1veis por turma:&nbsp;<strong>dois (2)<br><\/strong>Hor\u00e1rio das atividades:<\/p>\n\n\n\n<figure class=\"wp-block-table\"><table><tbody><tr><td>segundas-feiras, das 8h00 as 12h00<\/td><td>sextas-feiras, das 8h00 as 12h00<\/td><\/tr><\/tbody><\/table><\/figure>\n\n\n\n<p><strong>&nbsp;<\/strong><strong>8h00 as 10h00 \u2013 Parte Te\u00f3rico-Pr\u00e1tica<\/strong><\/p>\n\n\n\n<p>Sala de aula, docente coordena apresenta\u00e7\u00e3o \/ discuss\u00e3o de temas em Oftalmologia e Ci\u00eancias Visuais sob a forma de exposi\u00e7\u00e3o te\u00f3rica \/ semin\u00e1rio (as duas turmas \/ todos os alunos).<\/p>\n\n\n\n<p><strong>10h00 as 12h00 \u2013 Parte Pr\u00e1tica I e II<\/strong><\/p>\n\n\n\n<p><strong>A- Wet Lab<\/strong>&nbsp;de dissec\u00e7\u00e3o de globo ocular realizado no laborat\u00f3rio de cirurgia experimental, cada aluno dever\u00e1 dissecar ao menos um globo ocular (as duas turmas \/ todos os alunos).<\/p>\n\n\n\n<p><strong>B- Est\u00e1gios Cl\u00ednicos \u2013&nbsp;<\/strong>alunos subdivididos em turmas com&nbsp;<strong>2 alunos<\/strong>&nbsp;(excepcionalmente 3) que participar\u00e3o dos seguintes ambulat\u00f3rios, conforme escala:<\/p>\n\n\n\n<p>1- Glaucoma (sala 3) com o Docente respons\u00e1vel \u2013 Rua Botucatu, 822 \u2013 1\u00ba andar<br>2- Refra\u00e7\u00e3o \/ Lente de Contato \/ Cirurgia Refrativa \u2013 Rua Botucatu, 822 \u2013 1\u00ba andar<br>3- Ambulat\u00f3rio de DEOC \u2013 Doen\u00e7as Externas Oculares e C\u00f3rnea \u2013 Rua Botucatu, 821 \u2013 1\u00ba andar<br>4- Pronto Socorro de Oftalmologia \u2013 Rua Napole\u00e3o de Barros, 771 \u2013 T\u00e9rreo \u2013 Sala 18<br>5- Ambulat\u00f3rio de Estrabismo \u2013 Rua Botucatu, 822 \u2013 1\u00ba andar<br>6- Ambulat\u00f3rio de Catarata \u2013 Rua Botucatu, 821 \u2013 T\u00e9rreo<br>7- Ambulat\u00f3rio de Retina \u2013 Rua Botucatu, 816 \u2013 T\u00e9rreo<br>8- Centro Cir\u00fargico \u2013 Rua Botucatu, 822 \u2013 T\u00e9rreo<\/p>\n\n\n\n<p><strong>C- Curso de Fundoscopia \u2013&nbsp;<\/strong>realizado em sala de aula, com aux\u00edlio de bonecos especiais, usados para treinamento de t\u00e9cnica de fundoscopia (as duas turmas \/ todos os alunos).<\/p>\n\n\n\n<p><strong>D- Apresenta\u00e7\u00e3o de casos cl\u00ednicos e solu\u00e7\u00e3o de problemas \u2013<\/strong>&nbsp;(2 dias) O professor apresentar\u00e1 imagens de casos cl\u00ednicos e os alunos dever\u00e3o descrever exame oftalmol\u00f3gico conforme&nbsp;<strong>anexo I<\/strong>&nbsp;(as duas turmas \/ todos os alunos).<\/p>\n\n\n\n<p>O tema&nbsp;<strong>Anatomia e Fisiologia do Globo Ocular<\/strong>&nbsp;e anexos \u00e9 sempre apresentado de forma expositiva pelo docente respons\u00e1vel no primeiro dia de aula.<\/p>\n\n\n\n<p>Os semin\u00e1rios ser\u00e3o apresentados pelos alunos sob a coordena\u00e7\u00e3o e orienta\u00e7\u00e3o do docente respons\u00e1vel.<\/p>\n\n\n\n<p>Dever\u00e1 haver distribui\u00e7\u00e3o dos temas entre os dias de aulas do Programa e o docente far\u00e1 um&nbsp;<strong><u>sorteio<\/u><\/strong>&nbsp;dos alunos que far\u00e3o a apresenta\u00e7\u00e3o no dia da apresenta\u00e7\u00e3o.<\/p>\n\n\n\n<p>Proje\u00e7\u00e3o de casos cl\u00ednicos e solu\u00e7\u00e3o de problemas.<\/p>\n\n\n\n<ul class=\"wp-block-list\">\n<li><strong>1\u00aa Parte \u2013\u00a0<\/strong><a href=\"https:\/\/www.youtube.com\/watch?v=Vhc2AcI84VM\">nesse\u00a0<strong>LINK<\/strong><\/a><\/li>\n\n\n\n<li><strong>2\u00aa Parte \u2013\u00a0<\/strong><a href=\"https:\/\/www.youtube.com\/watch?v=CuLPpjlEHd4\">nesse\u00a0<strong>LINK<\/strong><\/a><\/li>\n\n\n\n<li><strong>3\u00aa Parte \u2013\u00a0<\/strong><a href=\"https:\/\/www.youtube.com\/watch?v=9VbiEkKAEx8&amp;t=40s\">nesse\u00a0<strong>LINK<\/strong><\/a><\/li>\n\n\n\n<li><strong>4\u00aa Parte \u2013\u00a0<\/strong><a href=\"https:\/\/www.youtube.com\/watch?v=FMvZf9VyFbA&amp;feature=youtu.be\">nesse\u00a0<strong>LINK<\/strong><\/a><\/li>\n<\/ul>\n\n\n\n<p>No final do curso os alunos estar\u00e3o capacitados para atendimento em Ambulat\u00f3rio Geral ou Pronto Socorro, sem equipamentos espec\u00edficos utilizados pelo oftalmologista.<\/p>\n\n\n\n<p><strong>OBSERVA\u00c7\u00d5ES:<\/strong><br>A PROVA FINAL \u00e9 de responsabilidade dos Docentes, mas temos um modelo que reflete essa atividade do v\u00eddeo.<\/p>\n\n\n\n<p>Os Docentes dever\u00e3o dar uma aula introdut\u00f3ria de Anatomia e Fisiologia no primeiro dia ap\u00f3s a divis\u00e3o dos semin\u00e1rios. Mantivemos o Wet Lab deles dissecando olho de porco (ideal se for no primeiro dia de aula, depois da revis\u00e3o de anatomia e fisiologia).<\/p>\n\n\n\n<p>Mantivemos os semin\u00e1rios (decididos por sorteio no dia) das 08:00 as 09:00hs (atividade Docente).<\/p>\n\n\n\n<p>Sugerimos um modo de discutir caso clinico que est\u00e1 demonstrado nos v\u00eddeos abaixo, para ser feito das 09:00 as 10:00hs (atividade Docente).<\/p>\n\n\n\n<div class=\"wp-block-columns is-layout-flex wp-container-core-columns-is-layout-9d6595d7 wp-block-columns-is-layout-flex\">\n<div class=\"wp-block-column is-layout-flow wp-block-column-is-layout-flow\">\n<p class=\"wp-embed-aspect-4-3 wp-has-aspect-ratio\"><strong>1\u00aa Parte<\/strong><\/p>\n\n\n\n<p><\/p>\n\n\n\n<iframe loading=\"lazy\" width=\"100%\" height=\"300\" src=\"https:\/\/www.youtube.com\/embed\/-Rrr0Xx9o2s?si=7h_4vv2x8pRpqnGY\" title=\"YouTube video player\" frameborder=\"0\" allow=\"accelerometer; autoplay; clipboard-write; encrypted-media; gyroscope; picture-in-picture; web-share\" allowfullscreen><\/iframe>\n<\/div>\n\n\n\n<div class=\"wp-block-column is-layout-flow wp-block-column-is-layout-flow\">\n<p class=\"wp-embed-aspect-4-3 wp-has-aspect-ratio\"><strong>2\u00aa Parte<\/strong><\/p>\n\n\n\n<p><\/p>\n\n\n\n<iframe loading=\"lazy\" width=\"100%\" height=\"300\" src=\"https:\/\/www.youtube.com\/embed\/EstRzuX0aTM?si=bvBq761ne9uveYGA\" title=\"YouTube video player\" frameborder=\"0\" allow=\"accelerometer; autoplay; clipboard-write; encrypted-media; gyroscope; picture-in-picture; web-share\" allowfullscreen><\/iframe>\n<\/div>\n<\/div>\n\n\n\n<div class=\"wp-block-columns is-layout-flex wp-container-core-columns-is-layout-9d6595d7 wp-block-columns-is-layout-flex\">\n<div class=\"wp-block-column is-layout-flow wp-block-column-is-layout-flow\">\n<p class=\"wp-embed-aspect-4-3 wp-has-aspect-ratio\"><strong>3\u00aa Parte<\/strong><\/p>\n\n\n\n<p><\/p>\n\n\n\n<iframe loading=\"lazy\" width=\"100%\" height=\"300\" src=\"https:\/\/www.youtube.com\/embed\/yiKVlpdvAJ8?si=RBXmsIY3cot7pasJ\" title=\"YouTube video player\" frameborder=\"0\" allow=\"accelerometer; autoplay; clipboard-write; encrypted-media; gyroscope; picture-in-picture; web-share\" allowfullscreen><\/iframe>\n<\/div>\n\n\n\n<div class=\"wp-block-column is-layout-flow wp-block-column-is-layout-flow\">\n<p class=\"wp-embed-aspect-4-3 wp-has-aspect-ratio\"><strong>4\u00aa Parte<\/strong><\/p>\n\n\n\n<p><\/p>\n\n\n\n<iframe loading=\"lazy\" width=\"100%\" height=\"300\" src=\"https:\/\/www.youtube.com\/embed\/870CMvQhFRU?si=0zp1sMJoCVnKhNxf\" title=\"YouTube video player\" frameborder=\"0\" allow=\"accelerometer; autoplay; clipboard-write; encrypted-media; gyroscope; picture-in-picture; web-share\" allowfullscreen><\/iframe>\n<\/div>\n<\/div>\n\n\n\n<p>Todos os P\u00f3s-Graduandos precisam estar em todas as atividades pr\u00e1ticas (\u00e0s 10:00hs) sem rod\u00edzio;<\/p>\n\n\n\n<p>Os p\u00f3s graduandos devem supervisionar a anamnese e conduzir a avalia\u00e7\u00e3o e fazer a anota\u00e7\u00e3o no prontu\u00e1rio m\u00e9dico do paciente. Temos lista de presen\u00e7a de PG assim como os alunos.<\/p>\n\n\n\n<p>Lembramos que:<\/p>\n\n\n\n<ul class=\"wp-block-list\">\n<li>\u2013 Os alunos devem assinar as listas de presen\u00e7a das aulas te\u00f3ricas e pr\u00e1ticas<\/li>\n\n\n\n<li>\u2013 Os alunos e p\u00f3s-graduandos devem usar avental e crach\u00e1 durante as avalia\u00e7\u00f5es no Hospital\/ambulat\u00f3rios;<\/li>\n<\/ul>\n\n\n\n<p>Atenciosamente,<\/p>\n\n\n\n<p>PROFA. DRA. CRISTINA MUCCIOLI<br>Preceptora do Internato<\/p>\n\n\n\n<p>PROF. DR. MAURO SILVEIRA DE QUEIROZ CAMPOS<br>Chefe do Departamento de Oftalmologia<\/p>\n\n\n\n<h2 class=\"wp-block-heading\">Material Extra<\/h2>\n\n\n\n<ul class=\"wp-block-list\">\n<li><a href=\"https:\/\/oftalmodapaulista.com.br\/profissional\/wp-content\/uploads\/2024\/04\/transplante_de_cornea_luciene.pps\" target=\"_blank\" rel=\"noreferrer noopener\"><strong>Transplante de C\u00f3rnea: Realidade Atual<\/strong><\/a> &#8211; Dra. Luciene Barbosa de Sousa<\/li>\n<\/ul>\n\n\n\n<p><\/p>\n\n\n\n<h2 class=\"wp-block-heading\">Bibliografia<\/h2>\n\n\n\n<p>Schor, P; Chamon, W e Belfort Jr. R. Guias de Medicina Hospitalar e Ambulatorial, OFTALMOLOGIA, Editora Manole, S\u00e3o Paulo, 2004, ISBN 1492-3, 567pp<\/p>\n\n\n\n<hr class=\"wp-block-separator has-alpha-channel-opacity\"\/>\n\n\n\n<p>Cole\u00e7\u00e3o do Conselho Brasileiro de Oftalmologia (livros abaixo assinalados, dispon\u00edveis na Biblioteca do CEO)<\/p>\n\n\n\n<ul class=\"wp-block-list\">\n<li><strong>Livro 1<\/strong>&nbsp;\u2013 Banco de Olhos, Transplante de C\u00f3rnea<\/li>\n\n\n\n<li><strong>Livro 2<\/strong>&nbsp;\u2013 Cristalino e Catarata<\/li>\n\n\n\n<li><strong>Livro 3<\/strong>&nbsp;\u2013 Cirurgia Refrativa<\/li>\n\n\n\n<li><strong>Livro 4<\/strong>&nbsp;\u2013 Doen\u00e7as Externas Oculares e C\u00f3rnea<\/li>\n\n\n\n<li><strong>Livro 5<\/strong>&nbsp;\u2013 Estrabismo<\/li>\n\n\n\n<li><strong>Livro 6<\/strong>&nbsp;\u2013 Lentes de Contato<\/li>\n\n\n\n<li><strong>Livro 7<\/strong>&nbsp;\u2013 Bases da Oftalmologia \u2013 Volume 1<\/li>\n\n\n\n<li><strong>Livro 8<\/strong>&nbsp;\u2013 Bases da Oftalmologia \u2013 Volume 2<\/li>\n\n\n\n<li><strong>Livro 9&nbsp;<\/strong>\u2013 Neuroftalmologia<\/li>\n\n\n\n<li><strong>Livro 10<\/strong>&nbsp;\u2013 \u00d3ptica, Refra\u00e7\u00e3o e Vis\u00e3o Subnoraml<\/li>\n\n\n\n<li><strong>Livro 11<\/strong>&nbsp;\u2013 \u00d3rbita, Sistema Lacrimal e Oculopl\u00e1stica<\/li>\n\n\n\n<li><strong>Livro 12<\/strong>&nbsp;\u2013 Retina e V\u00edtreo<\/li>\n\n\n\n<li><strong>Livro 13<\/strong>&nbsp;\u2013 Semiologia B\u00e1sica em Oftalmologia<\/li>\n\n\n\n<li><strong>Livro 14<\/strong>&nbsp;\u2013 Uve\u00edtes e Oncologia Ocular<\/li>\n\n\n\n<li><strong>Livro 15<\/strong>&nbsp;\u2013 Glaucoma<\/li>\n\n\n\n<li><strong>Livro 16<\/strong>&nbsp;\u2013 Iatrogenias e Manifesta\u00e7\u00f5es Oculares das Doen\u00e7as Sist\u00eamicas<\/li>\n\n\n\n<li><strong>Livro 17<\/strong>&nbsp;\u2013 Prova Nacional de Oftalmologia e Cirurgias Comentadas<\/li>\n<\/ul>\n\n\n\n<p><\/p>\n\n\n\n<h2 class=\"wp-block-heading\">Casos de Oftalmologia<\/h2>\n\n\n\n<p><strong>Link Extra<\/strong><\/p>\n\n\n\n<ul class=\"wp-block-list\">\n<li><strong>Aula de Anatomia<\/strong><\/li>\n<\/ul>\n\n\n\n<p><strong>\u00a0<\/strong><a href=\"https:\/\/oftalmodapaulista.com.br\/profissional\/wp-content\/uploads\/2024\/04\/anatomia_olho_parte_1.pps\" target=\"_blank\" rel=\"noreferrer noopener\">Parte I<\/a>\u00a0\u00a0<a href=\"https:\/\/oftalmodapaulista.com.br\/profissional\/wp-content\/uploads\/2024\/04\/anatomia_olho_parte_2.pps\" target=\"_blank\" rel=\"noreferrer noopener\">Parte II<\/a>\u00a0<a href=\"https:\/\/www.oftalmodapaulista.com.br\/wp-content\/uploads\/2014\/08\/anatomia_olho_parte_3.pps\">Parte<\/a><a href=\"https:\/\/oftalmodapaulista.com.br\/profissional\/wp-content\/uploads\/2024\/04\/anatomia_olho_parte_3.pps\" target=\"_blank\" rel=\"noreferrer noopener\"> <\/a><a href=\"https:\/\/www.oftalmodapaulista.com.br\/wp-content\/uploads\/2014\/08\/anatomia_olho_parte_3.pps\">III<\/a><\/p>\n\n\n\n<ul class=\"wp-block-list\">\n<li><strong>Aula de Fisiologia da Vis\u00e3o\u00a0<\/strong>\u2013 Dr. Wallace Chamon<\/li>\n<\/ul>\n\n\n\n<p><a href=\"https:\/\/oftalmodapaulista.com.br\/profissional\/wp-content\/uploads\/2024\/04\/fisiologia_visao_1_parte.pps\" target=\"_blank\" rel=\"noreferrer noopener\">Parte I<\/a>\u00a0 \u00a0<a href=\"https:\/\/oftalmodapaulista.com.br\/profissional\/wp-content\/uploads\/2024\/04\/fisiologia_visao_2_parte.pps\" target=\"_blank\" rel=\"noreferrer noopener\">Parte II<\/a><\/p>\n","protected":false},"excerpt":{"rendered":"<p>ALUNOS DE GRADUA\u00c7\u00c3O EM MEDICINA DO 5\u00ba ANO Caro aluno, O curso do 5\u00ba ano M\u00e9dico \u00e9 oferecido durante o ano todo, para as sub-divis\u00f5es da turma. No Departamento de Oftalmologia ser\u00e3o revistos conceitos apresentados no 4 ano, e complementados com semin\u00e1rios apresentados pelos estudantes, que ser\u00e3o estimulados a procurar informa\u00e7\u00e3o e atualiza\u00e7\u00e3o nas fontes&#8230;<\/p>\n","protected":false},"author":1,"featured_media":0,"parent":14262,"menu_order":0,"comment_status":"closed","ping_status":"closed","template":"template-parts\/nav-lateral.php","meta":{"_acf_changed":false,"footnotes":""},"class_list":["post-14286","page","type-page","status-publish","hentry"],"acf":[],"_links":{"self":[{"href":"https:\/\/oftalmodapaulista.com.br\/profissional\/wp-json\/wp\/v2\/pages\/14286","targetHints":{"allow":["GET"]}}],"collection":[{"href":"https:\/\/oftalmodapaulista.com.br\/profissional\/wp-json\/wp\/v2\/pages"}],"about":[{"href":"https:\/\/oftalmodapaulista.com.br\/profissional\/wp-json\/wp\/v2\/types\/page"}],"author":[{"embeddable":true,"href":"https:\/\/oftalmodapaulista.com.br\/profissional\/wp-json\/wp\/v2\/users\/1"}],"replies":[{"embeddable":true,"href":"https:\/\/oftalmodapaulista.com.br\/profissional\/wp-json\/wp\/v2\/comments?post=14286"}],"version-history":[{"count":29,"href":"https:\/\/oftalmodapaulista.com.br\/profissional\/wp-json\/wp\/v2\/pages\/14286\/revisions"}],"predecessor-version":[{"id":15245,"href":"https:\/\/oftalmodapaulista.com.br\/profissional\/wp-json\/wp\/v2\/pages\/14286\/revisions\/15245"}],"up":[{"embeddable":true,"href":"https:\/\/oftalmodapaulista.com.br\/profissional\/wp-json\/wp\/v2\/pages\/14262"}],"wp:attachment":[{"href":"https:\/\/oftalmodapaulista.com.br\/profissional\/wp-json\/wp\/v2\/media?parent=14286"}],"curies":[{"name":"wp","href":"https:\/\/api.w.org\/{rel}","templated":true}]}}