{"id":14264,"date":"2023-10-19T11:23:48","date_gmt":"2023-10-19T14:23:48","guid":{"rendered":"https:\/\/siteoftalmodapau1.websiteseguro.com\/?page_id=14264"},"modified":"2024-08-28T15:27:15","modified_gmt":"2024-08-28T18:27:15","slug":"tecnologia-oftalmica","status":"publish","type":"page","link":"https:\/\/oftalmodapaulista.com.br\/profissional\/tecnologia-oftalmica\/","title":{"rendered":"Tecnologia Oft\u00e1lmica"},"content":{"rendered":"\n<h2 class=\"wp-block-heading\">Apresenta\u00e7\u00e3o do Curso<\/h2>\n\n\n\n<p><strong>Descri\u00e7\u00e3o<\/strong><strong><br><\/strong>O curso de Tecnologia Oft\u00e1lmica foi o primeiro curso tecnol\u00f3gico da UNIFESP. Este curso teve como embri\u00e3o o Curso de Ort\u00f3ptica, oferecido pela universidade desde 1962. Desde 1997, ele \u00e9 considerado refer\u00eancia de qualidade na \u00e1rea pelo MEC. Com o Programa do Governo Federal para Reestrutura\u00e7\u00e3o e Expans\u00e3o das Universidades Federais \u2013 REUNI, iniciado em 2007, houve uma inovadora reformula\u00e7\u00e3o do curr\u00edculo da Tecnologia Oft\u00e1lmica que passou a enfrentar novos desafios para a forma\u00e7\u00e3o dos egressos.<\/p>\n\n\n\n<p>Assim com a necessidade de adequa\u00e7\u00e3o de um conte\u00fado curricular mais alinhado ao perfil do egresso, novamente uma nova reformula\u00e7\u00e3o do curr\u00edculo da Tecnologia Oft\u00e1lmica foi proposta pela Comiss\u00e3o de Reforma dos Cursos Superiores de Tecnologia em Sa\u00fade da C\u00e2mara de Gradua\u00e7\u00e3o da Escola Paulista de Medicina e tamb\u00e9m pela Comiss\u00e3o Curricular do Curso de Tecnologia Oft\u00e1lmica.<\/p>\n\n\n\n<p>O novo curr\u00edculo do curso inclui dois ciclos, o b\u00e1sico e o profissionalizante, administrado em tr\u00eas anos per\u00edodo integral. O ciclo b\u00e1sico, ministrado no primeiro ano e compartilhado com os ingressantes dos demais cursos tecnol\u00f3gicos (Radiologia e Inform\u00e1tica em Sa\u00fade), abrange disciplinas das tr\u00eas grandes \u00e1reas do conhecimento, com um n\u00facleo de biol\u00f3gicas, exatas e humanidades, al\u00e9m de unidades curriculares que aproximam o estudante da viv\u00eancia di\u00e1ria das habilita\u00e7\u00f5es em Tecnologia Oft\u00e1lmica, bem como unidades curriculares eletivas que permitem ao estudante construir sua trajet\u00f3ria acad\u00eamica. Os dois anos seguintes s\u00e3o dedicados \u00e0 forma\u00e7\u00e3o profissionalizante, realizada no Departamento de Oftalmologia e Ci\u00eancias Visuais, outros departamentos da Unifesp e no Hospital S\u00e3o Paulo. O \u00faltimo semestre \u00e9 um per\u00edodo de est\u00e1gio supervisionado obrigat\u00f3rio, no qual o estudante desenvolve um Trabalho de Produ\u00e7\u00e3o Intelectual individual, em uma especialidade de sua escolha.<\/p>\n\n\n\n<p>Tem como filosofia a forma\u00e7\u00e3o de profissionais aptos a colaborar com a oftalmologia nos cuidados da sa\u00fade ocular, desempenhando fun\u00e7\u00f5es de avalia\u00e7\u00e3o, pesquisa e preven\u00e7\u00e3o de problemas oculares, por meio de tecnologia cada vez mais avan\u00e7ada, bem como a assist\u00eancia \u00e0 popula\u00e7\u00e3o e ao fomento de produ\u00e7\u00e3o de novos conhecimentos cient\u00edfico-tecnol\u00f3gicos, de forma integrada e multidisciplinar. Nesse sentido, oferece educa\u00e7\u00e3o para o trabalho aliando uma base te\u00f3rica s\u00f3lida e abrangente a uma forma\u00e7\u00e3o profissional espec\u00edfica de alta qualidade.<\/p>\n\n\n\n<p><strong>Reconhecimento<\/strong><strong><br><\/strong>Decreto 82.412 publicado no D.O.U. de 17\/10\/1978 (Curso de Tecn\u00f3logo em Ort\u00f3ptica).<br>Reconhecido pela Portaria Seres\/MEC n\u00ba 409, de 30\/08\/2013, publicada no D.O.U. de 02\/09\/2013 (novo c\u00f3digo e-MEC, n\u00ba 201117990).<\/p>\n\n\n\n<p><strong>Perfil Profissional<br><\/strong>O mercado de trabalho tem sido muito receptivo ao tecn\u00f3logo oft\u00e1lmico. Os tecn\u00f3logos podem se inserir em equipes multidisciplinares de assist\u00eancia \u00e0 sa\u00fade ocular, em coopera\u00e7\u00e3o com o oftalmologista, em hospitais, multicl\u00ednicas e consult\u00f3rios oftalmol\u00f3gicos. Al\u00e9m disso, crescentemente atuam em ind\u00fastrias, na \u00e1rea de inova\u00e7\u00e3o tecnol\u00f3gica em empresas de aparelhos oftalmol\u00f3gicos e gest\u00e3o em sa\u00fade. Uma vez formado, o tecn\u00f3logo poder\u00e1 continuar seu desenvolvimento acad\u00eamico ingressando em programas de p\u00f3s-gradua\u00e7\u00e3o (senso lato ou estrito).<\/p>\n\n\n\n<p>O mercado de trabalho para o profissional est\u00e1 em alta, a jun\u00e7\u00e3o do aquecimento na \u00e1rea espec\u00edfica, novos equipamentos e a falta de m\u00e3o de obra qualificada trouxeram boas oportunidades no segmento e consequente aumento salarial.<\/p>\n\n\n\n<p><strong>Modalidade\/Turno<\/strong><strong><br><\/strong>Integral<\/p>\n\n\n\n<p><strong>Ingresso<\/strong><strong><br><\/strong>SISU<\/p>\n\n\n\n<p><strong>Grau Conferido<br><\/strong>Tecn\u00f3logo<\/p>\n\n\n\n<p><strong>N\u00famero de Vagas<\/strong><strong><br><\/strong>17<\/p>\n\n\n\n<p><strong>Dura\u00e7\u00e3o<\/strong><strong><br><\/strong>6 semestres<\/p>\n\n\n\n<p><strong>Ano de Cria\u00e7\u00e3o<br><\/strong>Parecer CFE 3.298\/1976 de 08\/10\/1976.<\/p>\n\n\n\n<p><strong>Coordenadora<br><\/strong>Profa. Dra. N\u00edvea Nunes Ferraz<br><a href=\"mailto:nivea.ferraz@unifesp.br\" data-type=\"mailto\" data-id=\"mailto:nivea.ferraz@unifesp.br\">nivea.ferraz@unifesp.br<\/a><\/p>\n\n\n\n<hr class=\"wp-block-separator has-alpha-channel-opacity\"\/>\n\n\n\n<p><strong>Atos normativos do Conselho Nacional de Educa\u00e7\u00e3o<\/strong><\/p>\n\n\n\n<p><a href=\"http:\/\/portal.mec.gov.br\/index.php?%20option=com_content&amp;view=article&amp;id=12991\" target=\"_blank\" rel=\"noreferrer noopener\">Diretrizes curriculares do curso (MEC)<\/a><\/p>\n\n\n\n<p><strong>Lista de consulta para UC\u2019s e Conte\u00fados program\u00e1tico<\/strong><\/p>\n\n\n\n<p><a href=\"http:\/\/www3.unifesp.br\/prograd\/app_prograd\/uc2\/filtro_uc\/filtro_uc.php\">Unidades Curriculares dispon\u00edveis e seus Conte\u00fados Program\u00e1ticos<\/a><\/p>\n\n\n\n<p><strong>Matriz Curricular<\/strong><\/p>\n\n\n\n<p><a href=\"https:\/\/www.oftalmodapaulista.com.br\/reitoria\/prograd\/pro-reitoria-de-graduacao\/cursos\/matriz-curricular\">Consulte a Matriz Curricular do Curso<\/a><\/p>\n\n\n\n<p><strong>Projeto Pedag\u00f3gico<\/strong><\/p>\n\n\n\n<p><a href=\"https:\/\/www.oftalmodapaulista.com.br\/profissional\/wp-content\/uploads\/2017\/04\/PPC_Tecnologia-Oft%C3%A1lmica_2016_final.pdf\" target=\"_blank\" rel=\"noreferrer noopener\">Projeto Pedag\u00f3gico do Curso Superior de Tecnologia Oft\u00e1lmica<\/a><\/p>\n","protected":false},"excerpt":{"rendered":"<p>Apresenta\u00e7\u00e3o do Curso Descri\u00e7\u00e3oO curso de Tecnologia Oft\u00e1lmica foi o primeiro curso tecnol\u00f3gico da UNIFESP. Este curso teve como embri\u00e3o o Curso de Ort\u00f3ptica, oferecido pela universidade desde 1962. Desde 1997, ele \u00e9 considerado refer\u00eancia de qualidade na \u00e1rea pelo MEC. Com o Programa do Governo Federal para Reestrutura\u00e7\u00e3o e Expans\u00e3o das Universidades Federais \u2013&#8230;<\/p>\n","protected":false},"author":1,"featured_media":0,"parent":0,"menu_order":0,"comment_status":"closed","ping_status":"closed","template":"template-parts\/nav-lateral.php","meta":{"_acf_changed":false,"footnotes":""},"class_list":["post-14264","page","type-page","status-publish","hentry"],"acf":[],"_links":{"self":[{"href":"https:\/\/oftalmodapaulista.com.br\/profissional\/wp-json\/wp\/v2\/pages\/14264","targetHints":{"allow":["GET"]}}],"collection":[{"href":"https:\/\/oftalmodapaulista.com.br\/profissional\/wp-json\/wp\/v2\/pages"}],"about":[{"href":"https:\/\/oftalmodapaulista.com.br\/profissional\/wp-json\/wp\/v2\/types\/page"}],"author":[{"embeddable":true,"href":"https:\/\/oftalmodapaulista.com.br\/profissional\/wp-json\/wp\/v2\/users\/1"}],"replies":[{"embeddable":true,"href":"https:\/\/oftalmodapaulista.com.br\/profissional\/wp-json\/wp\/v2\/comments?post=14264"}],"version-history":[{"count":4,"href":"https:\/\/oftalmodapaulista.com.br\/profissional\/wp-json\/wp\/v2\/pages\/14264\/revisions"}],"predecessor-version":[{"id":15673,"href":"https:\/\/oftalmodapaulista.com.br\/profissional\/wp-json\/wp\/v2\/pages\/14264\/revisions\/15673"}],"wp:attachment":[{"href":"https:\/\/oftalmodapaulista.com.br\/profissional\/wp-json\/wp\/v2\/media?parent=14264"}],"curies":[{"name":"wp","href":"https:\/\/api.w.org\/{rel}","templated":true}]}}