{"id":14081,"date":"2023-10-17T14:41:09","date_gmt":"2023-10-17T17:41:09","guid":{"rendered":"https:\/\/siteoftalmodapau1.websiteseguro.com\/?p=14081"},"modified":"2023-11-14T12:09:48","modified_gmt":"2023-11-14T15:09:48","slug":"avaliacao-de-usabilidade-satisfacao-estetica-seguranca-e-eficacia-do-uso-de-lentes-de-contato-coloridas-de-hidrogel","status":"publish","type":"novo-tratamento","link":"https:\/\/oftalmodapaulista.com.br\/profissional\/novo-tratamento\/avaliacao-de-usabilidade-satisfacao-estetica-seguranca-e-eficacia-do-uso-de-lentes-de-contato-coloridas-de-hidrogel\/","title":{"rendered":"Avalia\u00e7\u00e3o de usabilidade, satisfa\u00e7\u00e3o est\u00e9tica, seguran\u00e7a e efic\u00e1cia do uso de lentes de contato coloridas de hidrogel"},"content":{"rendered":"\n<p>avaliar a usabilidade, satisfa\u00e7\u00e3o est\u00e9tica, seguran\u00e7a e efic\u00e1cia de um espec\u00edfico modelo de lente de contato colorida de hidrogel, assim como suas limita\u00e7\u00f5es e poss\u00edveis contra-indica\u00e7\u00f5es.<\/p>\n\n\n\n<h3 class=\"wp-block-heading\">Crit\u00e9rios de Inclus\u00e3o:<\/h3>\n\n\n\n<ul class=\"wp-block-list\">\n<li>Acima de 18 anos de idade;<\/li>\n\n\n\n<li>Pacientes com interesse em uso de LC Gel colorida;<\/li>\n\n\n\n<li>Com ou sem ametropia;<\/li>\n\n\n\n<li>Com ou sem presbiopia.<\/li>\n<\/ul>\n\n\n\n<h3 class=\"wp-block-heading\">Crit\u00e9rios de Exclus\u00e3o:<\/h3>\n\n\n\n<p>Caso o paciente tenha: altera\u00e7\u00f5es do filme lacrimal, c\u00f3rnea irregular, processos inflamat\u00f3rios\/ infecciosos, degenera\u00e7\u00f5es e distrofias, cirurgias intraoculares,&nbsp;<strong>ser\u00e3o exclu\u00eddos do estudo<\/strong>.<\/p>\n\n\n\n<p>Meibomite e blefarite ser\u00e3o tratadas durante um m\u00eas e em caso de melhora ser\u00e3o aceitos no estudo.<\/p>\n\n\n\n<p>Contato para agendamento do teste:&nbsp;<strong>Srta. Nathane Bergara<\/strong>: tel: (11) 9.6855.2621<\/p>\n","protected":false},"featured_media":0,"template":"","categoria-novo-tratamento":[77],"class_list":["post-14081","novo-tratamento","type-novo-tratamento","status-publish","hentry","categoria-novo-tratamento-setor-de-lentes-de-contato"],"acf":[],"_links":{"self":[{"href":"https:\/\/oftalmodapaulista.com.br\/profissional\/wp-json\/wp\/v2\/novo-tratamento\/14081","targetHints":{"allow":["GET"]}}],"collection":[{"href":"https:\/\/oftalmodapaulista.com.br\/profissional\/wp-json\/wp\/v2\/novo-tratamento"}],"about":[{"href":"https:\/\/oftalmodapaulista.com.br\/profissional\/wp-json\/wp\/v2\/types\/novo-tratamento"}],"wp:attachment":[{"href":"https:\/\/oftalmodapaulista.com.br\/profissional\/wp-json\/wp\/v2\/media?parent=14081"}],"wp:term":[{"taxonomy":"categoria-novo-tratamento","embeddable":true,"href":"https:\/\/oftalmodapaulista.com.br\/profissional\/wp-json\/wp\/v2\/categoria-novo-tratamento?post=14081"}],"curies":[{"name":"wp","href":"https:\/\/api.w.org\/{rel}","templated":true}]}}