{"id":14068,"date":"2023-10-17T14:23:08","date_gmt":"2023-10-17T17:23:08","guid":{"rendered":"https:\/\/siteoftalmodapau1.websiteseguro.com\/?p=14068"},"modified":"2023-11-14T12:19:00","modified_gmt":"2023-11-14T15:19:00","slug":"protocolo-star-vetor-viral-adeno-associado-aav2-coroideremia","status":"publish","type":"novo-tratamento","link":"https:\/\/oftalmodapaulista.com.br\/profissional\/novo-tratamento\/protocolo-star-vetor-viral-adeno-associado-aav2-coroideremia\/","title":{"rendered":"Protocolo STAR \u2013 Vetor viral adeno-associado AAV2 \u2013 Coroideremia"},"content":{"rendered":"\n<p><strong>Pesquisadora Respons\u00e1vel:<\/strong>&nbsp;Dra. Juliana Sallum<\/p>\n\n\n\n<h3 class=\"wp-block-heading\"><strong>Objetivo:<\/strong>\u00a0<\/h3>\n\n\n\n<p>Avaliar a efic\u00e1cia e a seguran\u00e7a de uma \u00fanica inje\u00e7\u00e3o sub-retiniana de AAV2-REP1 em pacientes com coroideremia (CHM)<\/p>\n\n\n\n<h3 class=\"wp-block-heading\"><strong>Crit\u00e9rios de Inclus\u00e3o:<\/strong><\/h3>\n\n\n\n<ul class=\"wp-block-list\">\n<li>&nbsp;\u2265 18 anos de idade;<\/li>\n\n\n\n<li>Diagn\u00f3stico de CHM confirmado geneticamente;<\/li>\n\n\n\n<li>Doen\u00e7a ativa e clinicamente vis\u00edvel na regi\u00e3o macular no olho do estudo;<\/li>\n\n\n\n<li>Acuidade visual corrigida de 34 a 73 letras do ETDRS (20\/40 e 20\/200)no olho do estudo;<\/li>\n<\/ul>\n\n\n\n<h3 class=\"wp-block-heading\"><strong>Crit\u00e9rios de Exclus\u00e3o:<\/strong><\/h3>\n\n\n\n<ul class=\"wp-block-list\">\n<li>Hist\u00f3rico de ambliopia no olho eleg\u00edvel;<\/li>\n\n\n\n<li>Cirurgia intraocular pr\u00e9via no olho do estudo dentro de 3 meses antes da visita 1;<\/li>\n\n\n\n<li>Doen\u00e7a ou dist\u00farbio significativo, ocular ou n\u00e3o, que na opini\u00e3o do investigador, possa colocar os pacientes em risco ao participarem do estudo ou possa influenciar os resultados do estudo ou a habilidade do paciente de participar do estudo;<\/li>\n\n\n\n<li>Participa\u00e7\u00e3o eme outro estudo de pesquisa envolvendo um produto experimental;<\/li>\n\n\n\n<li>Recebido terapia gen\u00e9tica\/celular em qualquer momento nas \u00faltimas 12 semanas.<\/li>\n<\/ul>\n\n\n\n<p>Pacientes potenciais dever\u00e3o ser encaminhados ao Setor de Pesquisa Cl\u00ednica \u2013 Rua Botucatu, 822 \u2013 1\u00ba andar \u2013 Vila Clementino<\/p>\n\n\n\n<p>Informa\u00e7\u00f5es e Agendamento: Segunda \u00e0 Sexta-feira, das 8:30 \u00e0s 17:30, Telefone (11 ) 5572-4848 ramais 2265 ou 2266<\/p>\n","protected":false},"featured_media":0,"template":"","categoria-novo-tratamento":[76],"class_list":["post-14068","novo-tratamento","type-novo-tratamento","status-publish","hentry","categoria-novo-tratamento-setor-de-pesquisa-clinica"],"acf":[],"_links":{"self":[{"href":"https:\/\/oftalmodapaulista.com.br\/profissional\/wp-json\/wp\/v2\/novo-tratamento\/14068","targetHints":{"allow":["GET"]}}],"collection":[{"href":"https:\/\/oftalmodapaulista.com.br\/profissional\/wp-json\/wp\/v2\/novo-tratamento"}],"about":[{"href":"https:\/\/oftalmodapaulista.com.br\/profissional\/wp-json\/wp\/v2\/types\/novo-tratamento"}],"wp:attachment":[{"href":"https:\/\/oftalmodapaulista.com.br\/profissional\/wp-json\/wp\/v2\/media?parent=14068"}],"wp:term":[{"taxonomy":"categoria-novo-tratamento","embeddable":true,"href":"https:\/\/oftalmodapaulista.com.br\/profissional\/wp-json\/wp\/v2\/categoria-novo-tratamento?post=14068"}],"curies":[{"name":"wp","href":"https:\/\/api.w.org\/{rel}","templated":true}]}}