{"id":14054,"date":"2023-10-17T13:02:35","date_gmt":"2023-10-17T16:02:35","guid":{"rendered":"https:\/\/siteoftalmodapau1.websiteseguro.com\/?p=14054"},"modified":"2023-11-14T12:11:58","modified_gmt":"2023-11-14T15:11:58","slug":"protocolo-rhine-faricimabe-roche-edema-macular-diabetico","status":"publish","type":"novo-tratamento","link":"https:\/\/oftalmodapaulista.com.br\/profissional\/novo-tratamento\/protocolo-rhine-faricimabe-roche-edema-macular-diabetico\/","title":{"rendered":"Protocolo Rhine \u2013 Faricimabe (roche) \u2013 Edema Macular Diab\u00e9tico"},"content":{"rendered":"\n<p><strong>Pesquisador Respons\u00e1vel:<\/strong>&nbsp;Dr. Rubens Belfort Jr.<\/p>\n\n\n\n<h3 class=\"wp-block-heading\">Objetivo<\/h3>\n\n\n\n<p>Avaliar a efic\u00e1cia, seguran\u00e7a e farmacocin\u00e9tica de RO6867461 quando administrado 8\/8 semanas e com um esquema de PTI comparado com monoterapia com aflibercepte (Eylea*) em paciente com EMD.<\/p>\n\n\n\n<h3 class=\"wp-block-heading\">Crit\u00e9rios de Inclus\u00e3o:<\/h3>\n\n\n\n<ul class=\"wp-block-list\">\n<li>&nbsp;\u2265 18 anos de idade<\/li>\n\n\n\n<li>Uso regular atual de insulina para o tratamento de diabetes e\/ou agentes anti-hiperglic\u00eamicos orais<\/li>\n\n\n\n<li>OCT&nbsp;\u2265 325&nbsp;\u03bcm (Spectralis) ou&nbsp;\u2265315&nbsp;\u03bcm (SD-Cirrus)<\/li>\n\n\n\n<li>BCVA de 73 a 25 letras (20\/40 a 20\/320)<\/li>\n<\/ul>\n\n\n\n<h3 class=\"wp-block-heading\">Crit\u00e9rios de Exclus\u00e3o:<\/h3>\n\n\n\n<ul class=\"wp-block-list\">\n<li>RDP de alto risco no olho em estudo<\/li>\n\n\n\n<li>Descolamento de retina tracional, fibrose pr\u00e9-retiniana ou membrana epiretiniana<\/li>\n\n\n\n<li>Rubeose ativa<\/li>\n\n\n\n<li>Glaucoma n\u00e3o controlado<\/li>\n\n\n\n<li>Hist\u00f3ria de deslocamento de retina ou buraco macular (Est\u00e1gio 3 ou 4)<\/li>\n\n\n\n<li>Afacia ou implante de lentes intraoculares na c\u00e2mara anterior<\/li>\n\n\n\n<li>Tratamento com anti-VEGF IVT<\/li>\n\n\n\n<li>Panfoto da retina (PRP) ou laser macular h\u00e1 menos de 3 meses<\/li>\n\n\n\n<li>Tratamento com corticosteroide IVT ou periocular, h\u00e1 menos de 6 meses<\/li>\n\n\n\n<li>Uso de implantes intraoculares, incluindo Ozurdex\u00ae, h\u00e1 menos de 6 meses<\/li>\n\n\n\n<li>Cirurgia intraocular (transplante de c\u00f3rnea, cirurgia filtrante de glaucoma, vitrectomia via pars plana, transplante de c\u00f3rnea ou radioterapia), no olho do estudo.<\/li>\n<\/ul>\n\n\n\n<p>Pacientes potenciais dever\u00e3o ser encaminhados ao Setor de Pesquisa Cl\u00ednica \u2013 Rua Botucatu, 822 \u2013 1\u00ba andar \u2013 Vila Clementino<\/p>\n\n\n\n<p>Informa\u00e7\u00f5es e Agendamento: Segunda \u00e0 Sexta-feira, das 8:30 \u00e0s 17:30, Telefone (11 ) 5572-4848 ramais 2265 ou 2266<\/p>\n","protected":false},"featured_media":0,"template":"","categoria-novo-tratamento":[76],"class_list":["post-14054","novo-tratamento","type-novo-tratamento","status-publish","hentry","categoria-novo-tratamento-setor-de-pesquisa-clinica"],"acf":[],"_links":{"self":[{"href":"https:\/\/oftalmodapaulista.com.br\/profissional\/wp-json\/wp\/v2\/novo-tratamento\/14054","targetHints":{"allow":["GET"]}}],"collection":[{"href":"https:\/\/oftalmodapaulista.com.br\/profissional\/wp-json\/wp\/v2\/novo-tratamento"}],"about":[{"href":"https:\/\/oftalmodapaulista.com.br\/profissional\/wp-json\/wp\/v2\/types\/novo-tratamento"}],"wp:attachment":[{"href":"https:\/\/oftalmodapaulista.com.br\/profissional\/wp-json\/wp\/v2\/media?parent=14054"}],"wp:term":[{"taxonomy":"categoria-novo-tratamento","embeddable":true,"href":"https:\/\/oftalmodapaulista.com.br\/profissional\/wp-json\/wp\/v2\/categoria-novo-tratamento?post=14054"}],"curies":[{"name":"wp","href":"https:\/\/api.w.org\/{rel}","templated":true}]}}