{"id":15788,"date":"2024-10-08T16:43:32","date_gmt":"2024-10-08T19:43:32","guid":{"rendered":"https:\/\/oftalmodapaulista.com.br\/profissional\/?post_type=ceo&#038;p=15788"},"modified":"2025-12-16T10:14:51","modified_gmt":"2025-12-16T13:14:51","slug":"oftalmologia-integrativa","status":"publish","type":"ceo","link":"https:\/\/oftalmodapaulista.com.br\/profissional\/ceo\/oftalmologia-integrativa\/","title":{"rendered":"Atualiza\u00e7\u00e3o em Oftalmologia Integrativa"},"content":{"rendered":"<h1>Coordena\u00e7\u00e3o<\/h1>\n<p>Prof. Dr. Renato Le\u00e7a e Profa. Dra. Cristina Muccioli<\/p>\n<h3 style=\"text-align: center;\">Programa Preliminar<\/h3>\n<table style=\"height: 1228px;\" width=\"977\">\n<tbody>\n<tr>\n<td width=\"90\">\n<h6 style=\"text-align: center;\">Hor\u00e1rio<\/h6>\n<\/td>\n<td width=\"383\">\n<h6 style=\"text-align: center;\">Aula<\/h6>\n<\/td>\n<td width=\"262\">\n<h6 style=\"text-align: center;\">Palestrante<\/h6>\n<\/td>\n<\/tr>\n<tr>\n<td><sup>08:50 \u00e0s 09:00<\/sup><\/td>\n<td><sup>Abertura<\/sup><\/td>\n<td><sup>Dra. Cristina Muccioli e Dr. Renato Le\u00e7a<\/sup><\/td>\n<\/tr>\n<tr>\n<td><sup>09:00 \u00e0s 09:30<\/sup><\/td>\n<td><sup>Menopausa e olho seco<\/sup><\/td>\n<td><sup>Dr. Wilmar Accursio<\/sup><\/td>\n<\/tr>\n<tr>\n<td><sup>09:30 \u00e0s 10:00<\/sup><\/td>\n<td><sup>Nanotecnologia e o futuro medicamentoso na oftalmologia<\/sup><\/td>\n<td><sup>Dr. Marcelo Occhiutto<\/sup><\/td>\n<\/tr>\n<tr>\n<td><sup>10:00 \u00e0s 10:30<\/sup><\/td>\n<td><sup>Autocuidado e os olhos<\/sup><\/td>\n<td><sup>Mariana Cabral Schveitzer<\/sup><\/td>\n<\/tr>\n<tr>\n<td><sup>10:30 \u00e0s 11:00<\/sup><\/td>\n<td colspan=\"2\"><sup>Intervalo<\/sup><\/td>\n<\/tr>\n<tr>\n<td><sup>11:00 \u00e0s 11:30<\/sup><\/td>\n<td><sup>Dist\u00farbios do sono e os olhos<\/sup><\/td>\n<td><sup>Dr. Fernando Morgadinho Santos Coelho<\/sup><\/td>\n<\/tr>\n<tr>\n<td><sup>11:30 \u00e0s 12:00<\/sup><\/td>\n<td><sup>O que o oftalmologista deve saber sobre o diabetes<\/sup><\/td>\n<td><sup>Dr. Orsine Valente<\/sup><\/td>\n<\/tr>\n<tr>\n<td><sup>12:00 \u00e0s 12:30<\/sup><\/td>\n<td><sup>Matiz extra-celular\u00a0<\/sup><\/td>\n<td><sup>Dra. Maria Aparecida Pinhal<\/sup><\/td>\n<\/tr>\n<tr>\n<td><sup>12:30 \u00e0s 13:00<\/sup><\/td>\n<td><sup>Acupuntura na oftalmologia<\/sup><\/td>\n<td><sup>Dra. M\u00e1rcia Yamamura<\/sup><\/td>\n<\/tr>\n<tr>\n<td><sup>13:00 \u00e0s 14:00<\/sup><\/td>\n<td colspan=\"2\"><sup>Almo\u00e7o<\/sup><\/td>\n<\/tr>\n<tr>\n<td><sup>14:00 \u00e0s 14:30<\/sup><\/td>\n<td><sup>Estresse oxidativo e os olhos<\/sup><\/td>\n<td><sup>Dr. Henry Okigami<\/sup><\/td>\n<\/tr>\n<tr>\n<td><sup>14:30 \u00e0s 15:00<\/sup><\/td>\n<td><sup>Termografia e os olhos<\/sup><\/td>\n<td><sup>Dr. Alexandre Aldred<\/sup><\/td>\n<\/tr>\n<tr>\n<td><sup>15:00 \u00e0s 15:30<\/sup><\/td>\n<td><sup>Medicina do estilo de vida e os olhos<\/sup><\/td>\n<td><sup>Dra. Mariana Cavalcanti<\/sup><\/td>\n<\/tr>\n<tr>\n<td><sup>15:30 \u00e0s 16:00<\/sup><\/td>\n<td><sup>Eixo intestinos-olhos<\/sup><\/td>\n<td><sup>Dra. Liane Beringhs<\/sup><\/td>\n<\/tr>\n<tr>\n<td><sup>16:00 \u00e0s 16:30<\/sup><\/td>\n<td colspan=\"2\"><sup>Intervalo<\/sup><\/td>\n<\/tr>\n<tr>\n<td><sup>16:30 \u00e0s 17:00<\/sup><\/td>\n<td><sup>Eixo c\u00e9rebro-olho (melatonina &#8211; \u00f4mega 3)<\/sup><\/td>\n<td><sup>Dr. Carlos Jaldin<\/sup><\/td>\n<\/tr>\n<tr>\n<td><sup>17:00 \u00e0s 17:30<\/sup><\/td>\n<td><sup>Nutrientes para os olhos<\/sup><\/td>\n<td><sup>Dr. Efraim Olszewer<\/sup><\/td>\n<\/tr>\n<tr>\n<td><sup>17:30 \u00e0s 18:00<\/sup><\/td>\n<td><sup>Inflama\u00e7\u00e3o cr\u00f4nica silenciosa e os olhos<\/sup><\/td>\n<td><sup>Dr. Artur Lemos<\/sup><\/td>\n<\/tr>\n<tr>\n<td><sup>18:00 \u00e0s 18:10<\/sup><\/td>\n<td colspan=\"2\"><sup>Encerramento<\/sup><\/td>\n<\/tr>\n<\/tbody>\n<\/table>\n\n\n<h2 class=\"wp-block-heading\">Pol\u00edtica de cancelamento e reembolso<\/h2>\n\n\n\n<p>Em caso de comunica\u00e7\u00e3o de desist\u00eancia com intervalo inferior a 14 dias de anteced\u00eancia \u00e0 data programada para in\u00edcio do curso, n\u00e3o ter\u00e1 direito a reembolso do valor pago.<\/p>\n\n\n\n<p>Em caso de comunica\u00e7\u00e3o de desist\u00eancia dentro de 7 dias da data de pagamento, ter\u00e1 direito a reembolso integral do valor pago.<\/p>\n\n\n\n<p>Em caso de comunica\u00e7\u00e3o de desist\u00eancia com intervalo igual ou superior a 14 dias de anteced\u00eancia \u00e0 data programada para in\u00edcio do curso, ter\u00e1 direito a reembolso de 50% do valor pago.<\/p>\n","protected":false},"featured_media":0,"template":"","class_list":["post-15788","ceo","type-ceo","status-publish","hentry"],"acf":[],"_links":{"self":[{"href":"https:\/\/oftalmodapaulista.com.br\/profissional\/wp-json\/wp\/v2\/ceo\/15788","targetHints":{"allow":["GET"]}}],"collection":[{"href":"https:\/\/oftalmodapaulista.com.br\/profissional\/wp-json\/wp\/v2\/ceo"}],"about":[{"href":"https:\/\/oftalmodapaulista.com.br\/profissional\/wp-json\/wp\/v2\/types\/ceo"}],"wp:attachment":[{"href":"https:\/\/oftalmodapaulista.com.br\/profissional\/wp-json\/wp\/v2\/media?parent=15788"}],"curies":[{"name":"wp","href":"https:\/\/api.w.org\/{rel}","templated":true}]}}