{"id":15716,"date":"2024-12-09T15:24:39","date_gmt":"2024-12-09T18:24:39","guid":{"rendered":"https:\/\/oftalmodapaulista.com.br\/profissional\/?post_type=ceo&#038;p=15716"},"modified":"2025-12-19T15:37:36","modified_gmt":"2025-12-19T18:37:36","slug":"presbiopia-em-foco","status":"publish","type":"ceo","link":"https:\/\/oftalmodapaulista.com.br\/profissional\/ceo\/presbiopia-em-foco\/","title":{"rendered":"PRESBIOPIA EM FOCO: \u00d3PTICA, LENTES PREMIUM E INOVA\u00c7\u00d5ES CIR\u00daRGICAS"},"content":{"rendered":"<h6><strong>Coordena\u00e7\u00e3o:<\/strong> Dr. Pablo Rodrigues, Dr. Richard Hida e Prof. Dr. Walton Nos\u00e9<\/h6>\n<p>\u00a0<\/p>\n<h4><strong><span title=\"Com respons\u00e1veis pedag\u00f3gicos por tema\/assunto - aula ou grupo de aulas 't\u00f3pico' (descrever tema\/assunto, ministrante(s), data, hor\u00e1rio e local\/link, carga hor\u00e1ria)\" data-toggle=\"tooltip\" data-placement=\"top\">Conte\u00fado program\u00e1tico:\u00a0<\/span><\/strong><\/h4>\n<p>20\/03 e 21\/03 &#8211; Cen\u00e1rio Epidemiol\u00f3gico, Econ\u00f4mico e Estrat\u00e9gico da Presbiopia;<\/p>\n<p>24\/04 e 25\/04 &#8211; Comunica\u00e7\u00e3o Estrat\u00e9gica, Marketing \u00c9tico e Ades\u00e3o do Paciente Pr\u00e9sbita;<\/p>\n<p>22\/05 e 23\/05 &#8211; Fisiologia da Presbiopia, Exame Cl\u00ednico e Anamnese Direcionada;<\/p>\n<p>19\/06 e 20\/06 &#8211; Exames Complementares na Presbiopia;<\/p>\n<p>24\/07 e 25\/07 &#8211; Superf\u00edcie Ocular e Alternativas N\u00e3o Cir\u00fargicas na Presbiopia;<\/p>\n<p>21\/08 e 22\/08 &#8211; Cirurgias a Laser na Presbiopia (PresbyLASIK, PRESBYond, READ);<\/p>\n<p>25\/09 e 26\/09 &#8211; Avalia\u00e7\u00e3o Cl\u00ednica e Planejamento Pr\u00e1tico com LIOs Premium na Presbiopia;<\/p>\n<p>23\/10 e 24\/10 &#8211; Terapias Farmacol\u00f3gicas, Estrat\u00e9gias Combinadas e Ajustes P\u00f3s-LIO Premium;<\/p>\n<p>27\/11 e 28\/11 &#8211; Qualidade de Vida, Satisfa\u00e7\u00e3o e Inova\u00e7\u00f5es Futuras na Presbiopia;<\/p>\n<p>29\/01 e 30\/01 &#8211; Complica\u00e7\u00f5es e Manejo no Tratamento da Presbiopia;<\/p>\n<p>19\/02 e 20\/02 &#8211; Workshops Pr\u00e1ticos Hands-on;<\/p>\n\n\n<h2 class=\"wp-block-heading\">Pol\u00edtica de cancelamento e reembolso<\/h2>\n\n\n\n<p>Em caso de comunica\u00e7\u00e3o de desist\u00eancia com intervalo inferior a 14 dias de anteced\u00eancia \u00e0 data programada para in\u00edcio do curso, n\u00e3o ter\u00e1 direito a reembolso do valor pago.<\/p>\n\n\n\n<p>Em caso de comunica\u00e7\u00e3o de desist\u00eancia dentro de 7 dias da data de pagamento, ter\u00e1 direito a reembolso integral do valor pago.<\/p>\n\n\n\n<p>Em caso de comunica\u00e7\u00e3o de desist\u00eancia com intervalo igual ou superior a 14 dias de anteced\u00eancia \u00e0 data programada para in\u00edcio do curso, ter\u00e1 direito a reembolso de 50% do valor pago.<\/p>\n","protected":false},"featured_media":0,"template":"","class_list":["post-15716","ceo","type-ceo","status-publish","hentry"],"acf":[],"_links":{"self":[{"href":"https:\/\/oftalmodapaulista.com.br\/profissional\/wp-json\/wp\/v2\/ceo\/15716","targetHints":{"allow":["GET"]}}],"collection":[{"href":"https:\/\/oftalmodapaulista.com.br\/profissional\/wp-json\/wp\/v2\/ceo"}],"about":[{"href":"https:\/\/oftalmodapaulista.com.br\/profissional\/wp-json\/wp\/v2\/types\/ceo"}],"wp:attachment":[{"href":"https:\/\/oftalmodapaulista.com.br\/profissional\/wp-json\/wp\/v2\/media?parent=15716"}],"curies":[{"name":"wp","href":"https:\/\/api.w.org\/{rel}","templated":true}]}}