{"id":15368,"date":"2023-10-30T12:30:58","date_gmt":"2023-10-30T14:30:58","guid":{"rendered":"https:\/\/oftalmodapaulista.com.br\/profissional\/?post_type=ceo&#038;p=15368"},"modified":"2026-03-20T08:46:22","modified_gmt":"2026-03-20T11:46:22","slug":"propedeutica-do-glaucoma","status":"publish","type":"ceo","link":"https:\/\/oftalmodapaulista.com.br\/profissional\/ceo\/propedeutica-do-glaucoma\/","title":{"rendered":"Curso de Imers\u00e3o Em Proped\u00eautica do Glaucoma"},"content":{"rendered":"\n<h3 class=\"wp-block-heading\"><strong>Coordena\u00e7\u00e3o<\/strong>:\u00a0Prof. Dr. Ivan Maynart e Dr. Luiz Alberto Melo <\/h3>\n\n\n\n<p><strong>T\u00f3picos das aulas te\u00f3ricas (gravadas)<\/strong><\/p>\n\n\n<figure class=\"wp-block-table\">\n<table>\n<tbody>\n<tr>\n<td colspan=\"2\">Tonometria<\/td>\n<td>Perimetria<\/td>\n<\/tr>\n<tr>\n<td colspan=\"2\">Gonioscopia<\/td>\n<td>Eletrofisiologia<\/td>\n<\/tr>\n<tr>\n<td colspan=\"2\">Retinografia<\/td>\n<td>Correla\u00e7\u00e3o estrutura-fun\u00e7\u00e3o<\/td>\n<\/tr>\n<tr>\n<td colspan=\"2\">Tomografia de coer\u00eancia \u00f3ptica<\/td>\n<td>Proped\u00eautica no glaucoma pedi\u00e1trico<\/td>\n<\/tr>\n<tr>\n<td colspan=\"3\"><strong>Trazer um dispositivo que acesse a Internet para poder assistir \u00e0s aulas gravadas \u2013 notebook, tablet ou smartphone.<\/strong><strong>Trazer um avental\/jaleco\/bata para acompanhar as discuss\u00f5es de casos no ambulat\u00f3rio.<\/strong><\/td>\n<\/tr>\n<tr>\n<td colspan=\"3\">\u00a0<\/td>\n<\/tr>\n<tr>\n<td colspan=\"3\"><strong>Programa\u00e7\u00e3o<\/strong><\/td>\n<\/tr>\n<tr>\n<td colspan=\"3\"><strong>Segunda-feira<\/strong><\/td>\n<\/tr>\n<tr>\n<td>08:00 \u00e0s 12:00<\/td>\n<td colspan=\"2\">assistir \u00e0s aulas te\u00f3ricas<\/td>\n<\/tr>\n<tr>\n<td>13:30 \u00e0s 17:00<\/td>\n<td colspan=\"2\">acompanhar discuss\u00e3o de casos no ambulat\u00f3rio de glaucoma adulto<\/td>\n<\/tr>\n<tr>\n<td colspan=\"3\"><strong>Ter\u00e7a-feira<\/strong><\/td>\n<\/tr>\n<tr>\n<td>08:00 \u00e0s 12:00<\/td>\n<td colspan=\"2\">assistir \u00e0s aulas te\u00f3ricas<\/td>\n<\/tr>\n<tr>\n<td>13:30 \u00e0s 17:00<\/td>\n<td colspan=\"2\">acompanhar discuss\u00e3o de casos no ambulat\u00f3rio de glaucoma adulto<\/td>\n<\/tr>\n<tr>\n<td colspan=\"3\"><strong>Quarta-feira<\/strong><\/td>\n<\/tr>\n<tr>\n<td>08:00 \u00e0s 12:00<\/td>\n<td colspan=\"2\">acompanhar discuss\u00e3o de casos no ambulat\u00f3rio de glaucoma pedi\u00e1trico<\/td>\n<\/tr>\n<tr>\n<td>13:30 \u00e0s 17:00<\/td>\n<td colspan=\"2\">acompanhar discuss\u00e3o de casos no ambulat\u00f3rio de glaucoma adulto<\/td>\n<\/tr>\n<tr>\n<td colspan=\"3\"><strong>Quinta-feira<\/strong><\/td>\n<\/tr>\n<tr>\n<td>08:00 \u00e0s 10:00<\/td>\n<td colspan=\"2\">participar da reuni\u00e3o cl\u00ednica do setor de glaucoma<\/td>\n<\/tr>\n<tr>\n<td>10:00 \u00e0s 12:00<\/td>\n<td colspan=\"2\">assistir \u00e0s aulas te\u00f3ricas<\/td>\n<\/tr>\n<tr>\n<td>13:30 \u00e0s 17:00<\/td>\n<td colspan=\"2\">acompanhar discuss\u00e3o de casos no ambulat\u00f3rio de glaucoma adulto<\/td>\n<\/tr>\n<tr>\n<td colspan=\"3\"><strong>Sexta-feira<\/strong><\/td>\n<\/tr>\n<tr>\n<td>08:00 \u00e0s 12:00<\/td>\n<td colspan=\"2\">acompanhar discuss\u00e3o de casos no ambulat\u00f3rio de suspeita de glaucoma<\/td>\n<\/tr>\n<tr>\n<td>13:30 \u00e0s 17:00<\/td>\n<td colspan=\"2\">acompanhar discuss\u00e3o de casos no ambulat\u00f3rio de glaucoma adulto<\/td>\n<\/tr>\n<\/tbody>\n<\/table>\n<\/figure>\n\n\n<h2 class=\"wp-block-heading\">Pol\u00edtica de cancelamento e reembolso<\/h2>\n\n\n\n<p>Em caso de comunica\u00e7\u00e3o de desist\u00eancia com intervalo inferior a 14 dias de anteced\u00eancia \u00e0 data programada para in\u00edcio do curso, n\u00e3o ter\u00e1 direito a reembolso do valor pago.<\/p>\n\n\n\n<p>Em caso de comunica\u00e7\u00e3o de desist\u00eancia dentro de 7 dias da data de pagamento, ter\u00e1 direito a reembolso integral do valor pago.<\/p>\n\n\n\n<p>Em caso de comunica\u00e7\u00e3o de desist\u00eancia com intervalo igual ou superior a 14 dias de anteced\u00eancia \u00e0 data programada para in\u00edcio do curso, ter\u00e1 direito a reembolso de 50% do valor pago.<\/p>\n","protected":false},"featured_media":0,"template":"","class_list":["post-15368","ceo","type-ceo","status-publish","hentry"],"acf":[],"_links":{"self":[{"href":"https:\/\/oftalmodapaulista.com.br\/profissional\/wp-json\/wp\/v2\/ceo\/15368","targetHints":{"allow":["GET"]}}],"collection":[{"href":"https:\/\/oftalmodapaulista.com.br\/profissional\/wp-json\/wp\/v2\/ceo"}],"about":[{"href":"https:\/\/oftalmodapaulista.com.br\/profissional\/wp-json\/wp\/v2\/types\/ceo"}],"wp:attachment":[{"href":"https:\/\/oftalmodapaulista.com.br\/profissional\/wp-json\/wp\/v2\/media?parent=15368"}],"curies":[{"name":"wp","href":"https:\/\/api.w.org\/{rel}","templated":true}]}}