{"id":14620,"date":"2023-10-30T14:53:44","date_gmt":"2023-10-30T17:53:44","guid":{"rendered":"https:\/\/siteoftalmodapau1.websiteseguro.com\/?post_type=ceo&#038;p=14620"},"modified":"2025-12-16T09:17:18","modified_gmt":"2025-12-16T12:17:18","slug":"ciencias-basicas-em-oftalmologia","status":"publish","type":"ceo","link":"https:\/\/oftalmodapaulista.com.br\/profissional\/ceo\/ciencias-basicas-em-oftalmologia\/","title":{"rendered":"Ci\u00eancias B\u00e1sicas Em Oftalmologia"},"content":{"rendered":"\n<p>O Programa de Resid\u00eancia M\u00e9dica do Departamento de Oftalmologia e Ci\u00eancias Visuais da Escola Paulista de Medicina apresenta em 2026 a&nbsp;<strong>48<sup>a<\/sup>&nbsp;edi\u00e7\u00e3o do&nbsp;Curso de Ci\u00eancias B\u00e1sicas e Cl\u00ednicas em Oftalmologia.<\/strong><\/p>\n\n\n\n<p>O CCBCO tem o importante papel de introduzir os principais conceitos da Oftalmologia aos colegas m\u00e9dicos que iniciam a Resid\u00eancia M\u00e9dica ou Curso de Especializa\u00e7\u00e3o pelo CBO. As aulas possuem n\u00edvel adequado para possibilitar conhecimento geral do assunto, objetivando embasar teoricamente o in\u00edcio das atividades pr\u00e1ticas de especializa\u00e7\u00e3o.<\/p>\n\n\n\n<p>Com a participa\u00e7\u00e3o do corpo docente do Departamento de Oftalmologia e Ci\u00eancias Visuais e de outros departamentos da Escola Paulista de Medicina, e tamb\u00e9m de renomados colegas de outros servi\u00e7os, o CCBCO apresenta um programa de excel\u00eancia, atualizado anualmente, e muito prestigiado pela comunidade oftalmol\u00f3gica nacional, al\u00e9m de atrair alunos da Am\u00e9rica Latina e Portugal regularmente.<\/p>\n\n\n\n<p>Tamb\u00e9m \u00e9 um curso de reciclagem para m\u00e9dicos-oftalmologistas que buscam renovar o conhecimento e se atualizar sobre conceitos e procedimentos oftalmol\u00f3gicos de ponta.<\/p>\n\n\n\n<p>A 48\u00ba edi\u00e7\u00e3o do curso ser\u00e1 100% presencial.<\/p>\n\n\n\n<p>Qualquer d\u00favida, entre em contato por e-mail:&nbsp;<a href=\"mailto:secretariaextens%C3%A3o@unifesp.br\">secretariaextensao@unifesp.br<\/a><\/p>\n\n\n\n<p><strong>* Inscri\u00e7\u00f5es:&nbsp;<a href=\"https:\/\/siex.siiu.unifesp.br\/catalogo-siex\">Clique aqui<\/a><\/strong><\/p>\n\n\n\n<p>*&nbsp;<strong>Curso: 02\/03\/2026 a 31\/03\/2026<\/strong><\/p>\n\n\n\n<p><strong>* Local do curso: Rua Botucatu, 822 \u2013 1\u00ba andar \u2013 Vila Clementino<\/strong><\/p>\n\n\n<div class=\"wp-block-image is-style-rounded\">\n<figure class=\"aligncenter size-full is-resized\"><img loading=\"lazy\" decoding=\"async\" width=\"150\" height=\"150\" src=\"https:\/\/siteoftalmodapau1.websiteseguro.com\/wp-content\/uploads\/2023\/10\/image-10.png\" alt=\"\" class=\"wp-image-14621\" style=\"aspect-ratio:1;width:150px;height:auto\" srcset=\"https:\/\/oftalmodapaulista.com.br\/profissional\/wp-content\/uploads\/2023\/10\/image-10.png 150w, https:\/\/oftalmodapaulista.com.br\/profissional\/wp-content\/uploads\/2023\/10\/image-10-65x65.png 65w\" sizes=\"auto, (max-width: 150px) 100vw, 150px\" \/><figcaption class=\"wp-element-caption\">LUIZ FERNANDO TEIXEIRA<em>TAE <\/em><br><em>M\u00e9dico \u2013 20 horas<\/em><\/figcaption><\/figure>\n<\/div>","protected":false},"featured_media":0,"template":"","class_list":["post-14620","ceo","type-ceo","status-publish","hentry"],"acf":[],"_links":{"self":[{"href":"https:\/\/oftalmodapaulista.com.br\/profissional\/wp-json\/wp\/v2\/ceo\/14620","targetHints":{"allow":["GET"]}}],"collection":[{"href":"https:\/\/oftalmodapaulista.com.br\/profissional\/wp-json\/wp\/v2\/ceo"}],"about":[{"href":"https:\/\/oftalmodapaulista.com.br\/profissional\/wp-json\/wp\/v2\/types\/ceo"}],"wp:attachment":[{"href":"https:\/\/oftalmodapaulista.com.br\/profissional\/wp-json\/wp\/v2\/media?parent=14620"}],"curies":[{"name":"wp","href":"https:\/\/api.w.org\/{rel}","templated":true}]}}